{"id":7031,"date":"2023-12-19T12:17:38","date_gmt":"2023-12-19T12:17:38","guid":{"rendered":"https:\/\/basetryp.tryplisboacaparica.com\/lisboa-caparica\/"},"modified":"2024-12-04T09:51:34","modified_gmt":"2024-12-04T09:51:34","slug":"lisboa","status":"publish","type":"page","link":"https:\/\/www.melialisboaoriente.com\/es\/lisboa\/","title":{"rendered":"Lisboa"},"content":{"rendered":"\t\t<div data-elementor-type=\"wp-page\" data-elementor-id=\"7031\" class=\"elementor elementor-7031 elementor-1997\" data-elementor-post-type=\"page\">\n\t\t\t\t<section class=\"elementor-element elementor-element-9d18320 e-con-full e-flex e-con e-parent\" data-id=\"9d18320\" data-element_type=\"container\" data-settings=\"{&quot;background_background&quot;:&quot;classic&quot;}\">\n\t\t<div class=\"elementor-element elementor-element-edc3c07 e-con-full e-flex e-con e-child\" data-id=\"edc3c07\" data-element_type=\"container\">\n\t\t\t\t<div class=\"elementor-element elementor-element-14f695f elementor-widget elementor-widget-heading\" data-id=\"14f695f\" data-element_type=\"widget\" data-widget_type=\"heading.default\">\n\t\t\t\t<div class=\"elementor-widget-container\">\n\t\t\t\t\t<h1 class=\"elementor-heading-title elementor-size-default\">Lisboa<\/h1>\t\t\t\t<\/div>\n\t\t\t\t<\/div>\n\t\t\t\t<\/div>\n\t\t\t\t<\/section>\n\t\t<section class=\"elementor-element elementor-element-8e7a29a e-con-full e-flex e-con e-parent\" data-id=\"8e7a29a\" data-element_type=\"container\">\n\t\t\t\t<div class=\"elementor-element elementor-element-5428f0b elementor-widget elementor-widget-text-editor\" data-id=\"5428f0b\" data-element_type=\"widget\" data-widget_type=\"text-editor.default\">\n\t\t\t\t<div class=\"elementor-widget-container\">\n\t\t\t\t\t\t\t\t\t<p>El Meli\u00e1 Lisboa Oriente ofrece el inicio de un viaje por la capital de Portugal, Lisboa.<\/p><p>Comience en el centro hist\u00f3rico y descubra los encantos de los pintorescos barrios de Lisboa como Alfama y Lapa, pase por los monumentos declarados Patrimonio de la Humanidad por la UNESCO, descienda hasta Baixa-Chiado y Rossio, aproveche para subir al Arco de Rua Augusta o al Elevador de Santa Justa y disfrute de la magn\u00edfica vista panor\u00e1mica sobre Lisboa. Aproveche el sol para tomar un helado en la Pra\u00e7a do Com\u00e9rcio, la plaza noble de Lisboa, con sus tiendas y terrazas con vistas al Tejo.<br \/>De vuelta al hotel, no se pierda una visita a la Avenidade da Liberdade, donde podr\u00e1 comprar productos de prestigiosas marcas y dise\u00f1adores o simplemente disfrutar de una copa al final del d\u00eda con m\u00fasica ambiental en las terrazas que representan los peque\u00f1os quioscos del siglo XIX. Descubra la nueva vida de los antiguos mercados de Lisboa en los mercados de Alc\u00e2ntara o Campo de Ourique, donde podr\u00e1 degustar los m\u00e1s deliciosos aperitivos portugueses al son de la m\u00fasica ambiente, donde la tertulia es la consigna.<\/p><p>Aproveche para conocer la vida nocturna de Lisboa, donde todas las opciones le invitan a una velada m\u00e1gica, conozca la historia en el Castillo de San Jorge o descubra el centro de la diversidad cultural en Bairro Alto, donde la convivencia pervive en las calles hist\u00f3ricas de este barrio, hasta llegar a los bares de Cais do Sodr\u00e9. Para una noche m\u00e1s animada, disfrute de la discoteca Lux Fr\u00e1gil, que ofrece uno de los m\u00e1s bellos balcones musicales y descubra su estilo musical favorito en sus 3 plantas diferentes.<\/p><p>Lisboa es el destino ideal para un viaje completo. Podr\u00e1 disfrutar de las m\u00e1s bellas playas con largas extensiones de arena donde practicar los m\u00e1s diversos deportes o simplemente relajarse, disfrutar de las zonas paisaj\u00edsticas protegidas o de los barrios m\u00e1s t\u00edpicos. La diversidad cultural es lo mejor de Lisboa. \u00a1Visite Lisboa!<\/p>\t\t\t\t\t\t\t\t<\/div>\n\t\t\t\t<\/div>\n\t\t\t\t<\/section>\n\t\t<div class=\"elementor-element elementor-element-484e8bf e-con-full e-flex e-con e-parent\" data-id=\"484e8bf\" data-element_type=\"container\">\n\t\t\t\t<div class=\"elementor-element elementor-element-5b88a1e elementor-widget elementor-widget-heading\" data-id=\"5b88a1e\" data-element_type=\"widget\" data-widget_type=\"heading.default\">\n\t\t\t\t<div class=\"elementor-widget-container\">\n\t\t\t\t\t<h5 class=\"elementor-heading-title elementor-size-default\">Galer\u00eda de im\u00e1genes\n<\/h5>\t\t\t\t<\/div>\n\t\t\t\t<\/div>\n\t\t\t\t<div class=\"elementor-element elementor-element-33fcce4 elementor-skin-carousel elementor-arrows-yes elementor-pagination-type-bullets elementor-pagination-position-outside elementor-widget elementor-widget-hoti-gallery-slider\" data-id=\"33fcce4\" data-element_type=\"widget\" data-settings=\"{&quot;slides_per_view&quot;:&quot;3&quot;,&quot;skin&quot;:&quot;carousel&quot;,&quot;effect&quot;:&quot;slide&quot;,&quot;show_arrows&quot;:&quot;yes&quot;,&quot;pagination&quot;:&quot;bullets&quot;,&quot;speed&quot;:500,&quot;autoplay&quot;:&quot;yes&quot;,&quot;autoplay_speed&quot;:5000,&quot;pause_on_hover&quot;:&quot;yes&quot;,&quot;pause_on_interaction&quot;:&quot;yes&quot;,&quot;space_between&quot;:{&quot;unit&quot;:&quot;px&quot;,&quot;size&quot;:10,&quot;sizes&quot;:[]},&quot;space_between_tablet_extra&quot;:{&quot;unit&quot;:&quot;px&quot;,&quot;size&quot;:10,&quot;sizes&quot;:[]},&quot;space_between_tablet&quot;:{&quot;unit&quot;:&quot;px&quot;,&quot;size&quot;:10,&quot;sizes&quot;:[]},&quot;space_between_mobile_extra&quot;:{&quot;unit&quot;:&quot;px&quot;,&quot;size&quot;:10,&quot;sizes&quot;:[]},&quot;space_between_mobile&quot;:{&quot;unit&quot;:&quot;px&quot;,&quot;size&quot;:10,&quot;sizes&quot;:[]}}\" data-widget_type=\"hoti-gallery-slider.default\">\n\t\t\t\t<div class=\"elementor-widget-container\">\n\t\t\t\t\t\t\t\t\t<div class=\"elementor-swiper\">\n\t\t\t\t\t<div class=\"elementor-main-swiper swiper\" role=\"region\" aria-roledescription=\"carousel\" aria-label=\"Diapositivas\">\n\t\t\t\t<div class=\"swiper-wrapper\">\n\t\t\t\t\t\t\t\t\t\t\t<div class=\"swiper-slide\" role=\"group\" aria-roledescription=\"slide\">\n\t\t\t\t\t\t\t\t\t<div class=\"elementor-carousel-image landscape\" role=\"img\" aria-label=\"MLO_galeria_1\" style=\"background-image: url(&#039;https:\/\/www.melialisboaoriente.com\/wp-content\/uploads\/sites\/24\/2023\/11\/MLO_galeria_1.jpg&#039;)\">\r\n\r\n\t\t\t\r\n\t\t\t\t\t<\/div>\r\n\t\t\t\t\t\t\t\t<\/div>\n\t\t\t\t\t\t\t\t\t\t\t<div class=\"swiper-slide\" role=\"group\" aria-roledescription=\"slide\">\n\t\t\t\t\t\t\t\t\t<div class=\"elementor-carousel-image landscape\" role=\"img\" aria-label=\"MLO_galeria_2\" style=\"background-image: url(&#039;https:\/\/www.melialisboaoriente.com\/wp-content\/uploads\/sites\/24\/2023\/11\/MLO_galeria_2.jpg&#039;)\">\r\n\r\n\t\t\t\r\n\t\t\t\t\t<\/div>\r\n\t\t\t\t\t\t\t\t<\/div>\n\t\t\t\t\t\t\t\t\t\t\t<div class=\"swiper-slide\" role=\"group\" aria-roledescription=\"slide\">\n\t\t\t\t\t\t\t\t\t<div class=\"elementor-carousel-image landscape\" role=\"img\" aria-label=\"MLO_galeria_3\" style=\"background-image: url(&#039;https:\/\/www.melialisboaoriente.com\/wp-content\/uploads\/sites\/24\/2023\/11\/MLO_galeria_3.jpg&#039;)\">\r\n\r\n\t\t\t\r\n\t\t\t\t\t<\/div>\r\n\t\t\t\t\t\t\t\t<\/div>\n\t\t\t\t\t\t\t\t\t\t\t<div class=\"swiper-slide\" role=\"group\" aria-roledescription=\"slide\">\n\t\t\t\t\t\t\t\t\t<div class=\"elementor-carousel-image landscape\" role=\"img\" aria-label=\"MLO_galeria_4\" style=\"background-image: url(&#039;https:\/\/www.melialisboaoriente.com\/wp-content\/uploads\/sites\/24\/2023\/11\/MLO_galeria_4.jpg&#039;)\">\r\n\r\n\t\t\t\r\n\t\t\t\t\t<\/div>\r\n\t\t\t\t\t\t\t\t<\/div>\n\t\t\t\t\t\t\t\t\t\t\t<div class=\"swiper-slide\" role=\"group\" aria-roledescription=\"slide\">\n\t\t\t\t\t\t\t\t\t<div class=\"elementor-carousel-image landscape\" role=\"img\" aria-label=\"MLO_galeria_5\" style=\"background-image: url(&#039;https:\/\/www.melialisboaoriente.com\/wp-content\/uploads\/sites\/24\/2023\/11\/MLO_galeria_5.jpg&#039;)\">\r\n\r\n\t\t\t\r\n\t\t\t\t\t<\/div>\r\n\t\t\t\t\t\t\t\t<\/div>\n\t\t\t\t\t\t\t\t\t\t\t<div class=\"swiper-slide\" role=\"group\" aria-roledescription=\"slide\">\n\t\t\t\t\t\t\t\t\t<div class=\"elementor-carousel-image landscape\" role=\"img\" aria-label=\"MLO_galeria_6\" style=\"background-image: url(&#039;https:\/\/www.melialisboaoriente.com\/wp-content\/uploads\/sites\/24\/2023\/11\/MLO_galeria_6.jpg&#039;)\">\r\n\r\n\t\t\t\r\n\t\t\t\t\t<\/div>\r\n\t\t\t\t\t\t\t\t<\/div>\n\t\t\t\t\t\t\t\t\t<\/div>\n\t\t\t\t\t\t\t\t\t\t\t\t\t\t\t<div class=\"elementor-swiper-button elementor-swiper-button-prev\" role=\"button\" tabindex=\"0\" aria-label=\"Anterior\">\n\t\t\t\t\t\t\t<i aria-hidden=\"true\" class=\"eicon-chevron-left\"><\/i>\t\t\t\t\t\t<\/div>\n\t\t\t\t\t\t<div class=\"elementor-swiper-button elementor-swiper-button-next\" role=\"button\" tabindex=\"0\" aria-label=\"Siguiente\">\n\t\t\t\t\t\t\t<i aria-hidden=\"true\" class=\"eicon-chevron-right\"><\/i>\t\t\t\t\t\t<\/div>\n\t\t\t\t\t\t\t\t\t\t\t\t\t\t\t\t<div class=\"swiper-pagination\"><\/div>\n\t\t\t\t\t\t\t\t\t\t\t\t<\/div>\n\t\t\t\t<\/div>\n\t\t\t\t\t\t\t\t<\/div>\n\t\t\t\t<\/div>\n\t\t\t\t<\/div>\n\t\t<section class=\"elementor-element elementor-element-5be6fa1 e-con-full e-flex e-con e-parent\" data-id=\"5be6fa1\" data-element_type=\"container\">\n\t\t<div class=\"elementor-element elementor-element-637ccd9 e-con-full e-flex e-con e-child\" data-id=\"637ccd9\" data-element_type=\"container\">\n\t\t<div class=\"elementor-element elementor-element-55df4ad e-con-full e-flex e-con e-child\" data-id=\"55df4ad\" data-element_type=\"container\">\n\t\t\t\t<div class=\"elementor-element elementor-element-650bc2a elementor-widget elementor-widget-heading\" data-id=\"650bc2a\" data-element_type=\"widget\" data-widget_type=\"heading.default\">\n\t\t\t\t<div class=\"elementor-widget-container\">\n\t\t\t\t\t<h2 class=\"elementor-heading-title elementor-size-default\">EXPLORANDO LISBOA: <\/h2>\t\t\t\t<\/div>\n\t\t\t\t<\/div>\n\t\t\t\t<div class=\"elementor-element elementor-element-1062144 elementor-widget elementor-widget-heading\" data-id=\"1062144\" data-element_type=\"widget\" data-widget_type=\"heading.default\">\n\t\t\t\t<div class=\"elementor-widget-container\">\n\t\t\t\t\t<h2 class=\"elementor-heading-title elementor-size-default\">LA MODERNIDAD DEL PARQUE DAS NA\u00c7\u00d5ES<\/h2>\t\t\t\t<\/div>\n\t\t\t\t<\/div>\n\t\t\t\t<div class=\"elementor-element elementor-element-da84be1 elementor-widget__width-initial elementor-widget elementor-widget-text-editor\" data-id=\"da84be1\" data-element_type=\"widget\" data-widget_type=\"text-editor.default\">\n\t\t\t\t<div class=\"elementor-widget-container\">\n\t\t\t\t\t\t\t\t\t<ul><li>Explore el vibrante Parque das Na\u00e7\u00f5es, un ejemplo de urbanismo moderno y una de las zonas m\u00e1s din\u00e1micas de Lisboa.<\/li><li>Visite el Oceanario de Lisboa, uno de los mayores acuarios del mundo, y marav\u00edllese ante la diversidad marina.<\/li><li>Pasee por las orillas del r\u00edo Tejo y admire la arquitectura contempor\u00e1nea que redefine el perfil de la ciudad.<\/li><li>Descubra el Pabell\u00f3n del Conocimiento, un museo interactivo dedicado a la ciencia y la tecnolog\u00eda, ideal para todas las edades.<\/li><li>Disfrute de una tarde de relax en los jardines y espacios verdes, como el Parque Tejo y el Jardim Garcia de Orta.<\/li><li>Participe en los diversos eventos culturales y exposiciones que tienen lugar regularmente en la FIL (Feria Internacional de Lisboa) y en el Altice Arena.<\/li><li>Saboree la rica gastronom\u00eda local en los numerosos restaurantes y caf\u00e9s con impresionantes vistas sobre el r\u00edo.<\/li><li>Disfrute de las compras en el moderno centro comercial Vasco da Gama, que ofrece una amplia gama de tiendas y servicios.<\/li><li>Pruebe actividades al aire libre como ciclismo y deportes acu\u00e1ticos en el r\u00edo para vivir una experiencia lisboeta inolvidable.<\/li><li>Aproveche el acceso y el transporte disponibles al centro de Lisboa.<\/li><\/ul>\t\t\t\t\t\t\t\t<\/div>\n\t\t\t\t<\/div>\n\t\t\t\t<\/div>\n\t\t\t\t<\/div>\n\t\t<div class=\"elementor-element elementor-element-65d27bb e-con-full e-flex e-con e-child\" data-id=\"65d27bb\" data-element_type=\"container\" data-settings=\"{&quot;background_background&quot;:&quot;classic&quot;}\">\n\t\t\t\t<div class=\"elementor-element elementor-element-bcfdf42 elementor-widget elementor-widget-spacer\" data-id=\"bcfdf42\" data-element_type=\"widget\" data-widget_type=\"spacer.default\">\n\t\t\t\t<div class=\"elementor-widget-container\">\n\t\t\t\t\t\t\t<div class=\"elementor-spacer\">\n\t\t\t<div class=\"elementor-spacer-inner\"><\/div>\n\t\t<\/div>\n\t\t\t\t\t\t<\/div>\n\t\t\t\t<\/div>\n\t\t\t\t<\/div>\n\t\t\t\t<\/section>\n\t\t<section class=\"elementor-element elementor-element-540cb73 e-con-full e-flex e-con e-parent\" data-id=\"540cb73\" data-element_type=\"container\">\n\t\t<div class=\"elementor-element elementor-element-e3e1f7c e-con-full e-flex e-con e-child\" data-id=\"e3e1f7c\" data-element_type=\"container\" data-settings=\"{&quot;background_background&quot;:&quot;classic&quot;}\">\n\t\t\t\t<div class=\"elementor-element elementor-element-917d9c4 elementor-widget elementor-widget-spacer\" data-id=\"917d9c4\" data-element_type=\"widget\" data-widget_type=\"spacer.default\">\n\t\t\t\t<div class=\"elementor-widget-container\">\n\t\t\t\t\t\t\t<div class=\"elementor-spacer\">\n\t\t\t<div class=\"elementor-spacer-inner\"><\/div>\n\t\t<\/div>\n\t\t\t\t\t\t<\/div>\n\t\t\t\t<\/div>\n\t\t\t\t<\/div>\n\t\t<div class=\"elementor-element elementor-element-75fb5c0 e-con-full e-flex e-con e-child\" data-id=\"75fb5c0\" data-element_type=\"container\">\n\t\t<div class=\"elementor-element elementor-element-5fdd577 e-con-full e-flex e-con e-child\" data-id=\"5fdd577\" data-element_type=\"container\">\n\t\t\t\t<div class=\"elementor-element elementor-element-3395003 elementor-widget elementor-widget-heading\" data-id=\"3395003\" data-element_type=\"widget\" data-widget_type=\"heading.default\">\n\t\t\t\t<div class=\"elementor-widget-container\">\n\t\t\t\t\t<h2 class=\"elementor-heading-title elementor-size-default\">DESCUBRE LA ZONA<\/h2>\t\t\t\t<\/div>\n\t\t\t\t<\/div>\n\t\t\t\t<div class=\"elementor-element elementor-element-eb30610 elementor-widget elementor-widget-heading\" data-id=\"eb30610\" data-element_type=\"widget\" data-widget_type=\"heading.default\">\n\t\t\t\t<div class=\"elementor-widget-container\">\n\t\t\t\t\t<h2 class=\"elementor-heading-title elementor-size-default\"> EXPO DE LISBOA<\/h2>\t\t\t\t<\/div>\n\t\t\t\t<\/div>\n\t\t\t\t<div class=\"elementor-element elementor-element-ca4faff elementor-widget elementor-widget-text-editor\" data-id=\"ca4faff\" data-element_type=\"widget\" data-widget_type=\"text-editor.default\">\n\t\t\t\t<div class=\"elementor-widget-container\">\n\t\t\t\t\t\t\t\t\t<p>Situada a lo largo de la orilla oriental del r\u00edo Tejo, la Zona Expo, tambi\u00e9n conocida como Parque das Na\u00e7\u00f5es, es un brillante ejemplo de renovaci\u00f3n urbana en Lisboa. Creada para la Exposici\u00f3n Universal de 1998, esta zona moderna y vibrante ofrece una combinaci\u00f3n \u00fanica de cultura, ocio e innovaci\u00f3n. Con su arquitectura contempor\u00e1nea, sus espacios verdes y sus atracciones de categor\u00eda mundial, como el Oceanario de Lisboa y el Pabell\u00f3n del Conocimiento, el Parque das Na\u00e7\u00f5es es un destino ineludible para visitantes de todas las edades. La gastronom\u00eda es igualmente variada, con restaurantes que sirven desde platos tradicionales portugueses hasta cocina internacional. Ya sea paseando por la orilla del r\u00edo, comprando en el centro comercial Vasco da Gama o participando en los numerosos eventos culturales, la Zona Expo ofrece una experiencia inolvidable de Lisboa.<\/p>\t\t\t\t\t\t\t\t<\/div>\n\t\t\t\t<\/div>\n\t\t\t\t<\/div>\n\t\t\t\t<\/div>\n\t\t\t\t<\/section>\n\t\t<div class=\"elementor-element elementor-element-6d9b414 e-con-full e-flex e-con e-parent\" data-id=\"6d9b414\" data-element_type=\"container\">\n\t\t\t\t<div class=\"elementor-element elementor-element-cbaed58 elementor-widget elementor-widget-heading\" data-id=\"cbaed58\" data-element_type=\"widget\" data-widget_type=\"heading.default\">\n\t\t\t\t<div class=\"elementor-widget-container\">\n\t\t\t\t\t<h5 class=\"elementor-heading-title elementor-size-default\">Qu\u00e9 ver y hacer\n<\/h5>\t\t\t\t<\/div>\n\t\t\t\t<\/div>\n\t\t<div class=\"elementor-element elementor-element-b346bc2 e-con-full e-flex e-con e-child\" data-id=\"b346bc2\" data-element_type=\"container\">\n\t\t\t\t<div class=\"elementor-element elementor-element-740e4bc elementor-widget elementor-widget-n-carousel\" data-id=\"740e4bc\" data-element_type=\"widget\" data-settings=\"{&quot;carousel_items&quot;:[{&quot;slide_title&quot;:&quot;Slide #1&quot;,&quot;_id&quot;:&quot;bc1ad8d&quot;},{&quot;slide_title&quot;:&quot;Slide #2&quot;,&quot;_id&quot;:&quot;817f723&quot;},{&quot;slide_title&quot;:&quot;Slide #3&quot;,&quot;_id&quot;:&quot;f0475f9&quot;},{&quot;_id&quot;:&quot;ca82639&quot;,&quot;slide_title&quot;:&quot;Slide #4&quot;}],&quot;slides_to_show&quot;:&quot;4&quot;,&quot;image_spacing_custom&quot;:{&quot;unit&quot;:&quot;px&quot;,&quot;size&quot;:30,&quot;sizes&quot;:[]},&quot;slides_to_show_mobile_extra&quot;:&quot;1&quot;,&quot;slides_to_scroll_mobile_extra&quot;:&quot;1&quot;,&quot;slides_to_show_tablet&quot;:&quot;2&quot;,&quot;slides_to_show_mobile&quot;:&quot;1&quot;,&quot;autoplay&quot;:&quot;yes&quot;,&quot;autoplay_speed&quot;:5000,&quot;pause_on_hover&quot;:&quot;yes&quot;,&quot;pause_on_interaction&quot;:&quot;yes&quot;,&quot;speed&quot;:500,&quot;image_spacing_custom_tablet_extra&quot;:{&quot;unit&quot;:&quot;px&quot;,&quot;size&quot;:&quot;&quot;,&quot;sizes&quot;:[]},&quot;image_spacing_custom_tablet&quot;:{&quot;unit&quot;:&quot;px&quot;,&quot;size&quot;:&quot;&quot;,&quot;sizes&quot;:[]},&quot;image_spacing_custom_mobile_extra&quot;:{&quot;unit&quot;:&quot;px&quot;,&quot;size&quot;:&quot;&quot;,&quot;sizes&quot;:[]},&quot;image_spacing_custom_mobile&quot;:{&quot;unit&quot;:&quot;px&quot;,&quot;size&quot;:&quot;&quot;,&quot;sizes&quot;:[]}}\" data-widget_type=\"nested-carousel.default\">\n\t\t\t\t<div class=\"elementor-widget-container\">\n\t\t\t\t\t\t\t<div class=\"e-n-carousel swiper\" role=\"region\" aria-roledescription=\"carousel\" aria-label=\"Carrusel\" dir=\"ltr\">\n\t\t\t<div class=\"swiper-wrapper\" aria-live=\"off\">\n\t\t\t\t\t\t\t\t\t\t<div class=\"swiper-slide\" data-slide=\"1\" role=\"group\" aria-roledescription=\"slide\" aria-label=\"1 of 4\">\n\t\t\t\t\t\t\t<div class=\"elementor-element elementor-element-53701c7 e-flex e-con-boxed e-con e-child\" data-id=\"53701c7\" data-element_type=\"container\">\n\t\t\t\t\t<div class=\"e-con-inner\">\n\t\t<div class=\"elementor-element elementor-element-89754ef e-con-full e-flex e-con e-child\" data-id=\"89754ef\" data-element_type=\"container\">\n\t\t\t\t<div class=\"elementor-element elementor-element-e0a8418 elementor-widget__width-initial elementor-position-top elementor-widget elementor-widget-image-box\" data-id=\"e0a8418\" data-element_type=\"widget\" data-widget_type=\"image-box.default\">\n\t\t\t\t<div class=\"elementor-widget-container\">\n\t\t\t\t\t<div class=\"elementor-image-box-wrapper\"><figure class=\"elementor-image-box-img\"><img fetchpriority=\"high\" decoding=\"async\" width=\"402\" height=\"500\" src=\"https:\/\/www.melialisboaoriente.com\/wp-content\/uploads\/sites\/24\/2024\/07\/MLA_destino_gastronomia.jpg\" class=\"attachment-full size-full wp-image-19710\" alt=\"MLA_destino_gastronomia\" srcset=\"https:\/\/www.melialisboaoriente.com\/wp-content\/uploads\/sites\/24\/2024\/07\/MLA_destino_gastronomia.jpg 402w, https:\/\/www.melialisboaoriente.com\/wp-content\/uploads\/sites\/24\/2024\/07\/MLA_destino_gastronomia-241x300.jpg 241w\" sizes=\"(max-width: 402px) 100vw, 402px\" \/><\/figure><div class=\"elementor-image-box-content\"><h3 class=\"elementor-image-box-title\">Gastronom\u00eda<\/h3><p class=\"elementor-image-box-description\">La ciudad ofrece una variedad de platos tradicionales que deleitan el paladar, como el famoso bacalhau \u00e0 Br\u00e1s, los past\u00e9is de nata y las sardinas asadas. Los mercados, como el Mercado da Ribeira, ofrecen una variada experiencia culinaria con productos frescos y delicias locales. Adem\u00e1s, Lisboa destaca por su oferta de vinos portugueses, que complementan a la perfecci\u00f3n la cocina local.<\/p><\/div><\/div>\t\t\t\t<\/div>\n\t\t\t\t<\/div>\n\t\t\t\t<\/div>\n\t\t\t\t\t<\/div>\n\t\t\t\t<\/div>\n\t\t\t\t\t\t\t\t<\/div>\n\t\t\t\t\t\t\t\t\t\t\t<div class=\"swiper-slide\" data-slide=\"2\" role=\"group\" aria-roledescription=\"slide\" aria-label=\"2 of 4\">\n\t\t\t\t\t\t\t<div class=\"elementor-element elementor-element-f76e8da e-flex e-con-boxed e-con e-child\" data-id=\"f76e8da\" data-element_type=\"container\">\n\t\t\t\t\t<div class=\"e-con-inner\">\n\t\t\t\t<div class=\"elementor-element elementor-element-357ba66 elementor-widget__width-initial elementor-position-top elementor-widget elementor-widget-image-box\" data-id=\"357ba66\" data-element_type=\"widget\" data-widget_type=\"image-box.default\">\n\t\t\t\t<div class=\"elementor-widget-container\">\n\t\t\t\t\t<div class=\"elementor-image-box-wrapper\"><figure class=\"elementor-image-box-img\"><img decoding=\"async\" width=\"407\" height=\"500\" src=\"https:\/\/www.melialisboaoriente.com\/wp-content\/uploads\/sites\/24\/2024\/07\/MLA_destino_patrimonio.jpg\" class=\"attachment-full size-full wp-image-19705\" alt=\"MLA_destino_patrimonio\" srcset=\"https:\/\/www.melialisboaoriente.com\/wp-content\/uploads\/sites\/24\/2024\/07\/MLA_destino_patrimonio.jpg 407w, https:\/\/www.melialisboaoriente.com\/wp-content\/uploads\/sites\/24\/2024\/07\/MLA_destino_patrimonio-244x300.jpg 244w\" sizes=\"(max-width: 407px) 100vw, 407px\" \/><\/figure><div class=\"elementor-image-box-content\"><h3 class=\"elementor-image-box-title\">Patrimonio<\/h3><p class=\"elementor-image-box-description\">El patrimonio de Lisboa es rico y diverso, reflejo de su larga historia. Destacan la Torre de Bel\u00e9m y el Monasterio de los Jer\u00f3nimos, ambos declarados Patrimonio de la Humanidad por la UNESCO. El Castillo de San Jorge ofrece unas vistas impresionantes y una visi\u00f3n de la \u00e9poca medieval. Barrios hist\u00f3ricos como Alfama y Bairro Alto conservan una arquitectura tradicional y un encanto pintoresco. Museos como el Museo Nacional de Arte Antiguo y el Museo del Fado celebran el vibrante patrimonio cultural de la ciudad.<\/p><\/div><\/div>\t\t\t\t<\/div>\n\t\t\t\t<\/div>\n\t\t\t\t\t<\/div>\n\t\t\t\t<\/div>\n\t\t\t\t\t\t\t\t<\/div>\n\t\t\t\t\t\t\t\t\t\t\t<div class=\"swiper-slide\" data-slide=\"3\" role=\"group\" aria-roledescription=\"slide\" aria-label=\"3 of 4\">\n\t\t\t\t\t\t\t<div class=\"elementor-element elementor-element-2733f80 e-flex e-con-boxed e-con e-child\" data-id=\"2733f80\" data-element_type=\"container\">\n\t\t\t\t\t<div class=\"e-con-inner\">\n\t\t\t\t<div class=\"elementor-element elementor-element-ca50de8 elementor-widget__width-initial elementor-position-top elementor-widget elementor-widget-image-box\" data-id=\"ca50de8\" data-element_type=\"widget\" data-widget_type=\"image-box.default\">\n\t\t\t\t<div class=\"elementor-widget-container\">\n\t\t\t\t\t<div class=\"elementor-image-box-wrapper\"><figure class=\"elementor-image-box-img\"><img decoding=\"async\" width=\"407\" height=\"500\" src=\"https:\/\/www.melialisboaoriente.com\/wp-content\/uploads\/sites\/24\/2024\/07\/MLA_destino_cultura.jpg\" class=\"attachment-full size-full wp-image-19700\" alt=\"MLA_destino_cultura\" srcset=\"https:\/\/www.melialisboaoriente.com\/wp-content\/uploads\/sites\/24\/2024\/07\/MLA_destino_cultura.jpg 407w, https:\/\/www.melialisboaoriente.com\/wp-content\/uploads\/sites\/24\/2024\/07\/MLA_destino_cultura-244x300.jpg 244w\" sizes=\"(max-width: 407px) 100vw, 407px\" \/><\/figure><div class=\"elementor-image-box-content\"><h3 class=\"elementor-image-box-title\">Cultura<\/h3><p class=\"elementor-image-box-description\">La cultura en Lisboa es vibrante y diversa, reflejada en sus museos, teatros y festivales. Barrios hist\u00f3ricos como Alfama y Bairro Alto celebran el fado, la m\u00fasica tradicional portuguesa. La ciudad es un centro de arte contempor\u00e1neo, gastronom\u00eda y vida nocturna, que ofrece una experiencia rica y envolvente a los visitantes.<\/p><\/div><\/div>\t\t\t\t<\/div>\n\t\t\t\t<\/div>\n\t\t\t\t\t<\/div>\n\t\t\t\t<\/div>\n\t\t\t\t\t\t\t\t<\/div>\n\t\t\t\t\t\t\t\t\t\t\t<div class=\"swiper-slide\" data-slide=\"4\" role=\"group\" aria-roledescription=\"slide\" aria-label=\"4 of 4\">\n\t\t\t\t\t\t\t<div class=\"elementor-element elementor-element-1061503 e-flex e-con-boxed e-con e-child\" data-id=\"1061503\" data-element_type=\"container\">\n\t\t\t\t\t<div class=\"e-con-inner\">\n\t\t\t\t<div class=\"elementor-element elementor-element-461a763 elementor-widget__width-initial elementor-position-top elementor-widget elementor-widget-image-box\" data-id=\"461a763\" data-element_type=\"widget\" data-widget_type=\"image-box.default\">\n\t\t\t\t<div class=\"elementor-widget-container\">\n\t\t\t\t\t<div class=\"elementor-image-box-wrapper\"><figure class=\"elementor-image-box-img\"><img loading=\"lazy\" decoding=\"async\" width=\"407\" height=\"500\" src=\"https:\/\/www.melialisboaoriente.com\/wp-content\/uploads\/sites\/24\/2024\/07\/MLA_destino_entretenimento.jpg\" class=\"attachment-full size-full wp-image-19822\" alt=\"MLA_destino_entretenimento\" srcset=\"https:\/\/www.melialisboaoriente.com\/wp-content\/uploads\/sites\/24\/2024\/07\/MLA_destino_entretenimento.jpg 407w, https:\/\/www.melialisboaoriente.com\/wp-content\/uploads\/sites\/24\/2024\/07\/MLA_destino_entretenimento-244x300.jpg 244w\" sizes=\"(max-width: 407px) 100vw, 407px\" \/><\/figure><div class=\"elementor-image-box-content\"><h3 class=\"elementor-image-box-title\">Entretenimento<\/h3><p class=\"elementor-image-box-description\">Emp\u00e1pese de la oferta de ocio de la ciudad. Aproveche para ver un espect\u00e1culo o visitar una exposici\u00f3n en el Altice Arena, el Centro Cultural de Bel\u00e9m o la Fundaci\u00f3n Calouste Gulbenkian.<\/p><\/div><\/div>\t\t\t\t<\/div>\n\t\t\t\t<\/div>\n\t\t\t\t\t<\/div>\n\t\t\t\t<\/div>\n\t\t\t\t\t\t\t\t<\/div>\n\t\t\t\t\t\t\t\t<\/div>\n\t\t<\/div>\n\t\t\t\t\t\t<\/div>\n\t\t\t\t<\/div>\n\t\t\t\t<\/div>\n\t\t\t\t<\/div>\n\t\t<div class=\"elementor-element elementor-element-e036ed8 e-con-full e-flex e-con e-parent\" data-id=\"e036ed8\" data-element_type=\"container\">\n\t\t\t\t<div class=\"elementor-element elementor-element-6595041 elementor-widget elementor-widget-heading\" data-id=\"6595041\" data-element_type=\"widget\" data-widget_type=\"heading.default\">\n\t\t\t\t<div class=\"elementor-widget-container\">\n\t\t\t\t\t<h5 class=\"elementor-heading-title elementor-size-default\">C\u00f3mo llegar al Hotel<\/h5>\t\t\t\t<\/div>\n\t\t\t\t<\/div>\n\t\t\t\t<\/div>\n\t\t<section class=\"elementor-element elementor-element-37fa7d5 e-con-full e-flex e-con e-parent\" data-id=\"37fa7d5\" data-element_type=\"container\">\n\t\t\t\t<div class=\"elementor-element elementor-element-d1659ab elementor-widget__width-initial elementor-view-default elementor-position-top elementor-mobile-position-top elementor-widget elementor-widget-icon-box\" data-id=\"d1659ab\" data-element_type=\"widget\" data-widget_type=\"icon-box.default\">\n\t\t\t\t<div class=\"elementor-widget-container\">\n\t\t\t\t\t\t\t<div class=\"elementor-icon-box-wrapper\">\n\n\t\t\t\t\t\t<div class=\"elementor-icon-box-icon\">\n\t\t\t\t<span  class=\"elementor-icon\">\n\t\t\t\t<i aria-hidden=\"true\" class=\"fal fa-bus-alt\"><\/i>\t\t\t\t<\/span>\n\t\t\t<\/div>\n\t\t\t\n\t\t\t\t\t\t<div class=\"elementor-icon-box-content\">\n\n\t\t\t\t\t\t\t\t\t<h3 class=\"elementor-icon-box-title\">\n\t\t\t\t\t\t<span  >\n\t\t\t\t\t\t\tAutob\u00fas\t\t\t\t\t\t<\/span>\n\t\t\t\t\t<\/h3>\n\t\t\t\t\n\t\t\t\t\t\t\t\t\t<p class=\"elementor-icon-box-description\">\n\t\t\t\t\t\tEn la ciudad de Lisboa, el transporte en autob\u00fas es proporcionado por Carris. Puede acceder a autobuses en varios puntos de la ciudad que puede utilizar para llegar a su hotel. Las l\u00edneas 208, 210, 705 y 708 le llevar\u00e1n hasta nuestro hotel.\t\t\t\t\t<\/p>\n\t\t\t\t\n\t\t\t<\/div>\n\t\t\t\n\t\t<\/div>\n\t\t\t\t\t\t<\/div>\n\t\t\t\t<\/div>\n\t\t\t\t<div class=\"elementor-element elementor-element-262a63b elementor-widget__width-initial elementor-view-default elementor-position-top elementor-mobile-position-top elementor-widget elementor-widget-icon-box\" data-id=\"262a63b\" data-element_type=\"widget\" data-widget_type=\"icon-box.default\">\n\t\t\t\t<div class=\"elementor-widget-container\">\n\t\t\t\t\t\t\t<div class=\"elementor-icon-box-wrapper\">\n\n\t\t\t\t\t\t<div class=\"elementor-icon-box-icon\">\n\t\t\t\t<span  class=\"elementor-icon\">\n\t\t\t\t<i aria-hidden=\"true\" class=\"fal fa-cars\"><\/i>\t\t\t\t<\/span>\n\t\t\t<\/div>\n\t\t\t\n\t\t\t\t\t\t<div class=\"elementor-icon-box-content\">\n\n\t\t\t\t\t\t\t\t\t<h3 class=\"elementor-icon-box-title\">\n\t\t\t\t\t\t<span  >\n\t\t\t\t\t\t\tRent-a-car\t\t\t\t\t\t<\/span>\n\t\t\t\t\t<\/h3>\n\t\t\t\t\n\t\t\t\t\t\t\t\t\t<p class=\"elementor-icon-box-description\">\n\t\t\t\t\t\tEn la zona de llegadas del aeropuerto puede alquilar un coche a trav\u00e9s de empresas de alquiler de coches. Otra opci\u00f3n es reservar con antelaci\u00f3n.\t\t\t\t\t<\/p>\n\t\t\t\t\n\t\t\t<\/div>\n\t\t\t\n\t\t<\/div>\n\t\t\t\t\t\t<\/div>\n\t\t\t\t<\/div>\n\t\t\t\t<div class=\"elementor-element elementor-element-20c5b52 elementor-widget__width-initial elementor-view-default elementor-position-top elementor-mobile-position-top elementor-widget elementor-widget-icon-box\" data-id=\"20c5b52\" data-element_type=\"widget\" data-widget_type=\"icon-box.default\">\n\t\t\t\t<div class=\"elementor-widget-container\">\n\t\t\t\t\t\t\t<div class=\"elementor-icon-box-wrapper\">\n\n\t\t\t\t\t\t<div class=\"elementor-icon-box-icon\">\n\t\t\t\t<span  class=\"elementor-icon\">\n\t\t\t\t<i aria-hidden=\"true\" class=\"fal fa-plane\"><\/i>\t\t\t\t<\/span>\n\t\t\t<\/div>\n\t\t\t\n\t\t\t\t\t\t<div class=\"elementor-icon-box-content\">\n\n\t\t\t\t\t\t\t\t\t<h3 class=\"elementor-icon-box-title\">\n\t\t\t\t\t\t<span  >\n\t\t\t\t\t\t\tEn avi\u00f3n\t\t\t\t\t\t<\/span>\n\t\t\t\t\t<\/h3>\n\t\t\t\t\n\t\t\t\t\t\t\t\t\t<p class=\"elementor-icon-box-description\">\n\t\t\t\t\t\tEl Aeropuerto Humberto Delgado (Lisboa) est\u00e1 a unos 3,5 kil\u00f3metros del hotel y se tarda unos 10 minutos en llegar al Hotel Meli\u00e1 Lisboa Oriente por la Av. Berl\u00edn.\t\t\t\t\t<\/p>\n\t\t\t\t\n\t\t\t<\/div>\n\t\t\t\n\t\t<\/div>\n\t\t\t\t\t\t<\/div>\n\t\t\t\t<\/div>\n\t\t\t\t<div class=\"elementor-element elementor-element-6dc7245 elementor-widget__width-initial elementor-view-default elementor-position-top elementor-mobile-position-top elementor-widget elementor-widget-icon-box\" data-id=\"6dc7245\" data-element_type=\"widget\" data-widget_type=\"icon-box.default\">\n\t\t\t\t<div class=\"elementor-widget-container\">\n\t\t\t\t\t\t\t<div class=\"elementor-icon-box-wrapper\">\n\n\t\t\t\t\t\t<div class=\"elementor-icon-box-icon\">\n\t\t\t\t<span  class=\"elementor-icon\">\n\t\t\t\t<i aria-hidden=\"true\" class=\"fal fa-subway\"><\/i>\t\t\t\t<\/span>\n\t\t\t<\/div>\n\t\t\t\n\t\t\t\t\t\t<div class=\"elementor-icon-box-content\">\n\n\t\t\t\t\t\t\t\t\t<h3 class=\"elementor-icon-box-title\">\n\t\t\t\t\t\t<span  >\n\t\t\t\t\t\t\tMetro\t\t\t\t\t\t<\/span>\n\t\t\t\t\t<\/h3>\n\t\t\t\t\n\t\t\t\t\t\t\t\t\t<p class=\"elementor-icon-box-description\">\n\t\t\t\t\t\tPara llegar al Meli\u00e1 Lisboa Oriente es necesario bajar en la estaci\u00f3n de Oriente y tomar la L\u00ednea Roja. El trayecto es directo y c\u00f3modo, con salidas frecuentes y estaciones bien se\u00f1alizadas. \t\t\t\t\t<\/p>\n\t\t\t\t\n\t\t\t<\/div>\n\t\t\t\n\t\t<\/div>\n\t\t\t\t\t\t<\/div>\n\t\t\t\t<\/div>\n\t\t\t\t<\/section>\n\t\t<section class=\"elementor-element elementor-element-71af052 e-con-full e-flex e-con e-parent\" data-id=\"71af052\" data-element_type=\"container\" id=\"cardstitles\">\n\t\t<div class=\"elementor-element elementor-element-d613357 e-con-full e-flex e-con e-child\" data-id=\"d613357\" data-element_type=\"container\">\n\t\t<div class=\"elementor-element elementor-element-97f47e6 e-con-full e-flex e-con e-child\" data-id=\"97f47e6\" data-element_type=\"container\">\n\t\t<div class=\"elementor-element elementor-element-2a90fad e-con-full e-flex e-con e-child\" data-id=\"2a90fad\" data-element_type=\"container\">\n\t\t\t\t<div class=\"elementor-element elementor-element-a5afca3 elementor-widget elementor-widget-heading\" data-id=\"a5afca3\" data-element_type=\"widget\" data-widget_type=\"heading.default\">\n\t\t\t\t<div class=\"elementor-widget-container\">\n\t\t\t\t\t<h2 class=\"elementor-heading-title elementor-size-default\">eventos<\/h2>\t\t\t\t<\/div>\n\t\t\t\t<\/div>\n\t\t\t\t<div class=\"elementor-element elementor-element-217b1b5 elementor-widget elementor-widget-heading\" data-id=\"217b1b5\" data-element_type=\"widget\" data-widget_type=\"heading.default\">\n\t\t\t\t<div class=\"elementor-widget-container\">\n\t\t\t\t\t<h2 class=\"elementor-heading-title elementor-size-default\">em lisboa<\/h2>\t\t\t\t<\/div>\n\t\t\t\t<\/div>\n\t\t\t\t<\/div>\n\t\t\t\t<\/div>\n\t\t<div class=\"elementor-element elementor-element-7da17e2 e-con-full e-flex e-con e-child\" data-id=\"7da17e2\" data-element_type=\"container\">\n\t\t\t\t<div class=\"elementor-element elementor-element-16a1e4d elementor-widget elementor-widget-n-carousel\" data-id=\"16a1e4d\" data-element_type=\"widget\" data-settings=\"{&quot;carousel_items&quot;:[{&quot;slide_title&quot;:&quot;Slide #1&quot;,&quot;_id&quot;:&quot;bc1ad8d&quot;},{&quot;slide_title&quot;:&quot;Slide #2&quot;,&quot;_id&quot;:&quot;817f723&quot;},{&quot;_id&quot;:&quot;38b509e&quot;,&quot;slide_title&quot;:&quot;Slide #3&quot;},{&quot;_id&quot;:&quot;a9b104f&quot;,&quot;slide_title&quot;:&quot;Slide #4&quot;},{&quot;_id&quot;:&quot;bc2d4ae&quot;,&quot;slide_title&quot;:&quot;Slide #5&quot;}],&quot;slides_to_show&quot;:&quot;3&quot;,&quot;image_spacing_custom&quot;:{&quot;unit&quot;:&quot;px&quot;,&quot;size&quot;:30,&quot;sizes&quot;:[]},&quot;slides_to_show_mobile_extra&quot;:&quot;1&quot;,&quot;slides_to_scroll_mobile_extra&quot;:&quot;1&quot;,&quot;slides_to_show_tablet&quot;:&quot;2&quot;,&quot;slides_to_show_mobile&quot;:&quot;1&quot;,&quot;autoplay&quot;:&quot;yes&quot;,&quot;autoplay_speed&quot;:5000,&quot;pause_on_hover&quot;:&quot;yes&quot;,&quot;pause_on_interaction&quot;:&quot;yes&quot;,&quot;speed&quot;:500,&quot;image_spacing_custom_tablet_extra&quot;:{&quot;unit&quot;:&quot;px&quot;,&quot;size&quot;:&quot;&quot;,&quot;sizes&quot;:[]},&quot;image_spacing_custom_tablet&quot;:{&quot;unit&quot;:&quot;px&quot;,&quot;size&quot;:&quot;&quot;,&quot;sizes&quot;:[]},&quot;image_spacing_custom_mobile_extra&quot;:{&quot;unit&quot;:&quot;px&quot;,&quot;size&quot;:&quot;&quot;,&quot;sizes&quot;:[]},&quot;image_spacing_custom_mobile&quot;:{&quot;unit&quot;:&quot;px&quot;,&quot;size&quot;:&quot;&quot;,&quot;sizes&quot;:[]}}\" data-widget_type=\"nested-carousel.default\">\n\t\t\t\t<div class=\"elementor-widget-container\">\n\t\t\t\t\t\t\t<div class=\"e-n-carousel swiper\" role=\"region\" aria-roledescription=\"carousel\" aria-label=\"Carrusel\" dir=\"ltr\">\n\t\t\t<div class=\"swiper-wrapper\" aria-live=\"off\">\n\t\t\t\t\t\t\t\t\t\t<div class=\"swiper-slide\" data-slide=\"1\" role=\"group\" aria-roledescription=\"slide\" aria-label=\"1 of 5\">\n\t\t\t\t\t\t\t<div class=\"elementor-element elementor-element-47bd0c7 e-flex e-con-boxed e-con e-child\" data-id=\"47bd0c7\" data-element_type=\"container\">\n\t\t\t\t\t<div class=\"e-con-inner\">\n\t\t<div class=\"elementor-element elementor-element-88d489b e-con-full e-flex e-con e-child\" data-id=\"88d489b\" data-element_type=\"container\">\n\t\t\t\t<div class=\"elementor-element elementor-element-76f4097 elementor-widget__width-initial elementor-position-top elementor-widget elementor-widget-image-box\" data-id=\"76f4097\" data-element_type=\"widget\" data-widget_type=\"image-box.default\">\n\t\t\t\t<div class=\"elementor-widget-container\">\n\t\t\t\t\t<div class=\"elementor-image-box-wrapper\"><figure class=\"elementor-image-box-img\"><a href=\"https:\/\/websummit.com\/\" target=\"_blank\" tabindex=\"-1\"><img loading=\"lazy\" decoding=\"async\" width=\"409\" height=\"500\" src=\"https:\/\/www.melialisboaoriente.com\/wp-content\/uploads\/sites\/24\/2024\/07\/MLA_destino_web_summit.webp\" class=\"attachment-full size-full wp-image-19695\" alt=\"MLA_destino_web_summit\" srcset=\"https:\/\/www.melialisboaoriente.com\/wp-content\/uploads\/sites\/24\/2024\/07\/MLA_destino_web_summit.webp 409w, https:\/\/www.melialisboaoriente.com\/wp-content\/uploads\/sites\/24\/2024\/07\/MLA_destino_web_summit-245x300.webp 245w\" sizes=\"(max-width: 409px) 100vw, 409px\" \/><\/a><\/figure><div class=\"elementor-image-box-content\"><h3 class=\"elementor-image-box-title\"><a href=\"https:\/\/websummit.com\/\" target=\"_blank\">Web Summit<\/a><\/h3><p class=\"elementor-image-box-description\">La Web Summit es un evento internacional que re\u00fane a m\u00e1s de 70.000 personas centradas en la industria tecnol\u00f3gica, a s\u00f3lo 5 minutos a pie del Meli\u00e1 Lisboa Oriente.<\/p><\/div><\/div>\t\t\t\t<\/div>\n\t\t\t\t<\/div>\n\t\t\t\t<\/div>\n\t\t\t\t\t<\/div>\n\t\t\t\t<\/div>\n\t\t\t\t\t\t\t\t<\/div>\n\t\t\t\t\t\t\t\t\t\t\t<div class=\"swiper-slide\" data-slide=\"2\" role=\"group\" aria-roledescription=\"slide\" aria-label=\"2 of 5\">\n\t\t\t\t\t\t\t<div class=\"elementor-element elementor-element-75fdef1 e-flex e-con-boxed e-con e-child\" data-id=\"75fdef1\" data-element_type=\"container\">\n\t\t\t\t\t<div class=\"e-con-inner\">\n\t\t\t\t<div class=\"elementor-element elementor-element-54919ea elementor-widget__width-initial elementor-position-top elementor-widget elementor-widget-image-box\" data-id=\"54919ea\" data-element_type=\"widget\" data-widget_type=\"image-box.default\">\n\t\t\t\t<div class=\"elementor-widget-container\">\n\t\t\t\t\t<div class=\"elementor-image-box-wrapper\"><figure class=\"elementor-image-box-img\"><a href=\"https:\/\/nosalive.com\/\" target=\"_blank\" tabindex=\"-1\"><img loading=\"lazy\" decoding=\"async\" width=\"407\" height=\"500\" src=\"https:\/\/www.melialisboaoriente.com\/wp-content\/uploads\/sites\/24\/2024\/07\/Festival-Nos-Alive.jpg\" class=\"attachment-full size-full wp-image-19690\" alt=\"Festival-Nos-Alive\" srcset=\"https:\/\/www.melialisboaoriente.com\/wp-content\/uploads\/sites\/24\/2024\/07\/Festival-Nos-Alive.jpg 407w, https:\/\/www.melialisboaoriente.com\/wp-content\/uploads\/sites\/24\/2024\/07\/Festival-Nos-Alive-244x300.jpg 244w\" sizes=\"(max-width: 407px) 100vw, 407px\" \/><\/a><\/figure><div class=\"elementor-image-box-content\"><h3 class=\"elementor-image-box-title\"><a href=\"https:\/\/nosalive.com\/\" target=\"_blank\">Festival NOS Alive<\/a><\/h3><p class=\"elementor-image-box-description\">NOS ALIVE es un festival de m\u00fasica que se celebra anualmente en el Passeio Mar\u00edtimo de Alg\u00e9s en julio, a 30 minutos en coche del Meli\u00e1 Lisboa Oriente.<\/p><\/div><\/div>\t\t\t\t<\/div>\n\t\t\t\t<\/div>\n\t\t\t\t\t<\/div>\n\t\t\t\t<\/div>\n\t\t\t\t\t\t\t\t<\/div>\n\t\t\t\t\t\t\t\t\t\t\t<div class=\"swiper-slide\" data-slide=\"3\" role=\"group\" aria-roledescription=\"slide\" aria-label=\"3 of 5\">\n\t\t\t\t\t\t\t<div class=\"elementor-element elementor-element-f1e07da e-flex e-con-boxed e-con e-child\" data-id=\"f1e07da\" data-element_type=\"container\">\n\t\t\t\t\t<div class=\"e-con-inner\">\n\t\t\t\t<div class=\"elementor-element elementor-element-1f7bf97 elementor-widget__width-initial elementor-position-top elementor-widget elementor-widget-image-box\" data-id=\"1f7bf97\" data-element_type=\"widget\" data-widget_type=\"image-box.default\">\n\t\t\t\t<div class=\"elementor-widget-container\">\n\t\t\t\t\t<div class=\"elementor-image-box-wrapper\"><figure class=\"elementor-image-box-img\"><a href=\"https:\/\/rockinriolisboa.pt\/\" target=\"_blank\" tabindex=\"-1\"><img loading=\"lazy\" decoding=\"async\" width=\"407\" height=\"500\" src=\"https:\/\/www.melialisboaoriente.com\/wp-content\/uploads\/sites\/24\/2024\/07\/MLA_destino_RockInRio.webp\" class=\"attachment-full size-full wp-image-19685\" alt=\"MLA_destino_RockInRio\" srcset=\"https:\/\/www.melialisboaoriente.com\/wp-content\/uploads\/sites\/24\/2024\/07\/MLA_destino_RockInRio.webp 407w, https:\/\/www.melialisboaoriente.com\/wp-content\/uploads\/sites\/24\/2024\/07\/MLA_destino_RockInRio-244x300.webp 244w\" sizes=\"(max-width: 407px) 100vw, 407px\" \/><\/a><\/figure><div class=\"elementor-image-box-content\"><h3 class=\"elementor-image-box-title\"><a href=\"https:\/\/rockinriolisboa.pt\/\" target=\"_blank\">Festival Rock In Rio Lisboa<\/a><\/h3><p class=\"elementor-image-box-description\">Rock in Rio Lisboa es uno de los mayores festivales de m\u00fasica, que re\u00fane a artistas emblem\u00e1ticos y a fans apasionados. Se celebra en Lisboa y ofrece momentos inolvidables y un ambiente vibrante.<\/p><\/div><\/div>\t\t\t\t<\/div>\n\t\t\t\t<\/div>\n\t\t\t\t\t<\/div>\n\t\t\t\t<\/div>\n\t\t\t\t\t\t\t\t<\/div>\n\t\t\t\t\t\t\t\t\t\t\t<div class=\"swiper-slide\" data-slide=\"4\" role=\"group\" aria-roledescription=\"slide\" aria-label=\"4 of 5\">\n\t\t\t\t\t\t\t<div class=\"elementor-element elementor-element-71313f3 e-flex e-con-boxed e-con e-child\" data-id=\"71313f3\" data-element_type=\"container\">\n\t\t\t\t\t<div class=\"e-con-inner\">\n\t\t\t\t<div class=\"elementor-element elementor-element-454bce5 elementor-widget__width-initial elementor-position-top elementor-widget elementor-widget-image-box\" data-id=\"454bce5\" data-element_type=\"widget\" data-widget_type=\"image-box.default\">\n\t\t\t\t<div class=\"elementor-widget-container\">\n\t\t\t\t\t<div class=\"elementor-image-box-wrapper\"><figure class=\"elementor-image-box-img\"><a href=\"https:\/\/meokalorama.pt\/\" target=\"_blank\" tabindex=\"-1\"><img loading=\"lazy\" decoding=\"async\" width=\"407\" height=\"500\" src=\"https:\/\/www.melialisboaoriente.com\/wp-content\/uploads\/sites\/24\/2024\/07\/MLA_destino_MEO_Kalorama.jpg\" class=\"attachment-full size-full wp-image-19680\" alt=\"MLA_destino_MEO_Kalorama\" srcset=\"https:\/\/www.melialisboaoriente.com\/wp-content\/uploads\/sites\/24\/2024\/07\/MLA_destino_MEO_Kalorama.jpg 407w, https:\/\/www.melialisboaoriente.com\/wp-content\/uploads\/sites\/24\/2024\/07\/MLA_destino_MEO_Kalorama-244x300.jpg 244w\" sizes=\"(max-width: 407px) 100vw, 407px\" \/><\/a><\/figure><div class=\"elementor-image-box-content\"><h3 class=\"elementor-image-box-title\"><a href=\"https:\/\/meokalorama.pt\/\" target=\"_blank\">Festival MEO Kalorama<\/a><\/h3><p class=\"elementor-image-box-description\">MEO Kalorama es un festival de m\u00fasica celebrado en Lisboa que destaca por su diversidad de g\u00e9neros musicales. Con artistas de renombre y un ambiente \u00fanico que proporciona una experiencia memorable a sus visitantes.<\/p><\/div><\/div>\t\t\t\t<\/div>\n\t\t\t\t<\/div>\n\t\t\t\t\t<\/div>\n\t\t\t\t<\/div>\n\t\t\t\t\t\t\t\t<\/div>\n\t\t\t\t\t\t\t\t\t\t\t<div class=\"swiper-slide\" data-slide=\"5\" role=\"group\" aria-roledescription=\"slide\" aria-label=\"5 of 5\">\n\t\t\t\t\t\t\t<div class=\"elementor-element elementor-element-1fb0b05 e-flex e-con-boxed e-con e-child\" data-id=\"1fb0b05\" data-element_type=\"container\">\n\t\t\t\t\t<div class=\"e-con-inner\">\n\t\t\t\t<div class=\"elementor-element elementor-element-83497fb elementor-widget__width-initial elementor-position-top elementor-widget elementor-widget-image-box\" data-id=\"83497fb\" data-element_type=\"widget\" data-widget_type=\"image-box.default\">\n\t\t\t\t<div class=\"elementor-widget-container\">\n\t\t\t\t\t<div class=\"elementor-image-box-wrapper\"><figure class=\"elementor-image-box-img\"><img loading=\"lazy\" decoding=\"async\" width=\"407\" height=\"500\" src=\"https:\/\/www.melialisboaoriente.com\/wp-content\/uploads\/sites\/24\/2024\/07\/MLA_destino_Santos_Populares.jpg\" class=\"attachment-full size-full wp-image-19675\" alt=\"MLA_destino_Santos_Populares\" srcset=\"https:\/\/www.melialisboaoriente.com\/wp-content\/uploads\/sites\/24\/2024\/07\/MLA_destino_Santos_Populares.jpg 407w, https:\/\/www.melialisboaoriente.com\/wp-content\/uploads\/sites\/24\/2024\/07\/MLA_destino_Santos_Populares-244x300.jpg 244w\" sizes=\"(max-width: 407px) 100vw, 407px\" \/><\/figure><div class=\"elementor-image-box-content\"><h3 class=\"elementor-image-box-title\">Santos Populares<\/h3><p class=\"elementor-image-box-description\">Todos los a\u00f1os en Lisboa, durante el mes de junio, tiene lugar la fiesta de los Santos Populares. En esta \u00e9poca del a\u00f1o, viva la animaci\u00f3n de Lisboa con m\u00fasica, comida y fiestas por toda la ciudad.<\/p><\/div><\/div>\t\t\t\t<\/div>\n\t\t\t\t<\/div>\n\t\t\t\t\t<\/div>\n\t\t\t\t<\/div>\n\t\t\t\t\t\t\t\t<\/div>\n\t\t\t\t\t\t\t\t<\/div>\n\t\t<\/div>\n\t\t\t\t\t\t<\/div>\n\t\t\t\t<\/div>\n\t\t\t\t<\/div>\n\t\t\t\t<\/div>\n\t\t\t\t<\/section>\n\t\t\t\t<\/div>\n\t\t","protected":false},"excerpt":{"rendered":"<p>Lisboa El Meli\u00e1 Lisboa Oriente ofrece el inicio de un viaje por la capital de Portugal, Lisboa. Comience en el centro hist\u00f3rico y descubra los encantos de los pintorescos barrios de Lisboa como Alfama y Lapa, pase por los monumentos declarados Patrimonio de la Humanidad por la UNESCO, descienda hasta Baixa-Chiado y Rossio, aproveche para [&hellip;]<\/p>\n","protected":false},"author":1,"featured_media":0,"parent":0,"menu_order":0,"comment_status":"closed","ping_status":"closed","template":"","meta":{"_acf_changed":false,"footnotes":""},"class_list":["post-7031","page","type-page","status-publish","hentry"],"acf":[],"yoast_head":"<!-- This site is optimized with the Yoast SEO plugin v24.5 - https:\/\/yoast.com\/wordpress\/plugins\/seo\/ -->\n<title>Lisboa - Melia Lisboa Oriente<\/title>\n<meta name=\"description\" content=\"O Hotel Melia Lisboa Oriente oferece 207 quartos equipados com TV por sat\u00e9lite e sistema de v\u00eddeo, mini-bar, cofre individual, ar condicionado, telefone directo e secador de cabelo.\" \/>\n<meta name=\"robots\" content=\"index, follow, max-snippet:-1, max-image-preview:large, max-video-preview:-1\" \/>\n<link rel=\"canonical\" href=\"https:\/\/www.melialisboaoriente.com\/es\/lisboa\/\" \/>\n<meta property=\"og:locale\" content=\"es_ES\" \/>\n<meta property=\"og:type\" content=\"article\" \/>\n<meta property=\"og:title\" content=\"Lisboa - Melia Lisboa Oriente\" \/>\n<meta property=\"og:description\" content=\"O Hotel Melia Lisboa Oriente oferece 207 quartos equipados com TV por sat\u00e9lite e sistema de v\u00eddeo, mini-bar, cofre individual, ar condicionado, telefone directo e secador de cabelo.\" \/>\n<meta property=\"og:url\" content=\"https:\/\/www.melialisboaoriente.com\/es\/lisboa\/\" \/>\n<meta property=\"og:site_name\" content=\"Melia Lisboa Oriente\" \/>\n<meta property=\"article:publisher\" content=\"https:\/\/www.facebook.com\/MeliaLisboaOriente\/\" \/>\n<meta property=\"article:modified_time\" content=\"2024-12-04T09:51:34+00:00\" \/>\n<meta property=\"og:image\" content=\"https:\/\/www.melialisboaoriente.com\/wp-content\/uploads\/sites\/24\/2024\/07\/MLA_destino_gastronomia.jpg\" \/>\n\t<meta property=\"og:image:width\" content=\"402\" \/>\n\t<meta property=\"og:image:height\" content=\"500\" \/>\n\t<meta property=\"og:image:type\" content=\"image\/jpeg\" \/>\n<meta name=\"twitter:card\" content=\"summary_large_image\" \/>\n<meta name=\"twitter:label1\" content=\"Tiempo de lectura\" \/>\n\t<meta name=\"twitter:data1\" content=\"11 minutos\" \/>\n<script type=\"application\/ld+json\" class=\"yoast-schema-graph\">{\"@context\":\"https:\/\/schema.org\",\"@graph\":[{\"@type\":\"WebPage\",\"@id\":\"https:\/\/www.melialisboaoriente.com\/es\/lisboa\/\",\"url\":\"https:\/\/www.melialisboaoriente.com\/es\/lisboa\/\",\"name\":\"Lisboa - Melia Lisboa Oriente\",\"isPartOf\":{\"@id\":\"https:\/\/www.melialisboaoriente.com\/es\/#website\"},\"primaryImageOfPage\":{\"@id\":\"https:\/\/www.melialisboaoriente.com\/es\/lisboa\/#primaryimage\"},\"image\":{\"@id\":\"https:\/\/www.melialisboaoriente.com\/es\/lisboa\/#primaryimage\"},\"thumbnailUrl\":\"https:\/\/www.melialisboaoriente.com\/wp-content\/uploads\/sites\/24\/2024\/07\/MLA_destino_gastronomia.jpg\",\"datePublished\":\"2023-12-19T12:17:38+00:00\",\"dateModified\":\"2024-12-04T09:51:34+00:00\",\"description\":\"O Hotel Melia Lisboa Oriente oferece 207 quartos equipados com TV por sat\u00e9lite e sistema de v\u00eddeo, mini-bar, cofre individual, ar condicionado, telefone directo e secador de cabelo.\",\"breadcrumb\":{\"@id\":\"https:\/\/www.melialisboaoriente.com\/es\/lisboa\/#breadcrumb\"},\"inLanguage\":\"es\",\"potentialAction\":[{\"@type\":\"ReadAction\",\"target\":[\"https:\/\/www.melialisboaoriente.com\/es\/lisboa\/\"]}]},{\"@type\":\"ImageObject\",\"inLanguage\":\"es\",\"@id\":\"https:\/\/www.melialisboaoriente.com\/es\/lisboa\/#primaryimage\",\"url\":\"https:\/\/www.melialisboaoriente.com\/wp-content\/uploads\/sites\/24\/2024\/07\/MLA_destino_gastronomia.jpg\",\"contentUrl\":\"https:\/\/www.melialisboaoriente.com\/wp-content\/uploads\/sites\/24\/2024\/07\/MLA_destino_gastronomia.jpg\"},{\"@type\":\"BreadcrumbList\",\"@id\":\"https:\/\/www.melialisboaoriente.com\/es\/lisboa\/#breadcrumb\",\"itemListElement\":[{\"@type\":\"ListItem\",\"position\":1,\"name\":\"In\u00edcio\",\"item\":\"https:\/\/www.melialisboaoriente.com\/es\/\"},{\"@type\":\"ListItem\",\"position\":2,\"name\":\"Lisboa\"}]},{\"@type\":\"WebSite\",\"@id\":\"https:\/\/www.melialisboaoriente.com\/es\/#website\",\"url\":\"https:\/\/www.melialisboaoriente.com\/es\/\",\"name\":\"M\u00e9lia Lisboa Oriente\",\"description\":\"Hotel de 4 Estrellas en Parque das Na\u00e7\u00f5es - Lisboa\",\"publisher\":{\"@id\":\"https:\/\/www.melialisboaoriente.com\/es\/#organization\"},\"alternateName\":\"Melia Lisboa Oriente\",\"potentialAction\":[{\"@type\":\"SearchAction\",\"target\":{\"@type\":\"EntryPoint\",\"urlTemplate\":\"https:\/\/www.melialisboaoriente.com\/es\/?s={search_term_string}\"},\"query-input\":{\"@type\":\"PropertyValueSpecification\",\"valueRequired\":true,\"valueName\":\"search_term_string\"}}],\"inLanguage\":\"es\"},{\"@type\":\"Organization\",\"@id\":\"https:\/\/www.melialisboaoriente.com\/es\/#organization\",\"name\":\"M\u00e9lia Lisboa Oriente\",\"alternateName\":\"Melia Lisboa Oriente\",\"url\":\"https:\/\/www.melialisboaoriente.com\/es\/\",\"logo\":{\"@type\":\"ImageObject\",\"inLanguage\":\"es\",\"@id\":\"https:\/\/www.melialisboaoriente.com\/es\/#\/schema\/logo\/image\/\",\"url\":\"https:\/\/www.melialisboaoriente.com\/wp-content\/uploads\/sites\/24\/2023\/11\/Melia_Lisboa_Oriente_Logo.png\",\"contentUrl\":\"https:\/\/www.melialisboaoriente.com\/wp-content\/uploads\/sites\/24\/2023\/11\/Melia_Lisboa_Oriente_Logo.png\",\"width\":139,\"height\":68,\"caption\":\"M\u00e9lia Lisboa Oriente\"},\"image\":{\"@id\":\"https:\/\/www.melialisboaoriente.com\/es\/#\/schema\/logo\/image\/\"},\"sameAs\":[\"https:\/\/www.facebook.com\/MeliaLisboaOriente\/\",\"https:\/\/www.linkedin.com\/company\/hoti-hoteis\/\",\"https:\/\/www.tripadvisor.co.uk\/UserReviewEdit-g189158-d235624-Melia_Lisboa_Oriente-Lisbon_Lisbon_District_Central_Portugal.html\"]}]}<\/script>\n<!-- \/ Yoast SEO plugin. -->","yoast_head_json":{"title":"Lisboa - Melia Lisboa Oriente","description":"O Hotel Melia Lisboa Oriente oferece 207 quartos equipados com TV por sat\u00e9lite e sistema de v\u00eddeo, mini-bar, cofre individual, ar condicionado, telefone directo e secador de cabelo.","robots":{"index":"index","follow":"follow","max-snippet":"max-snippet:-1","max-image-preview":"max-image-preview:large","max-video-preview":"max-video-preview:-1"},"canonical":"https:\/\/www.melialisboaoriente.com\/es\/lisboa\/","og_locale":"es_ES","og_type":"article","og_title":"Lisboa - Melia Lisboa Oriente","og_description":"O Hotel Melia Lisboa Oriente oferece 207 quartos equipados com TV por sat\u00e9lite e sistema de v\u00eddeo, mini-bar, cofre individual, ar condicionado, telefone directo e secador de cabelo.","og_url":"https:\/\/www.melialisboaoriente.com\/es\/lisboa\/","og_site_name":"Melia Lisboa Oriente","article_publisher":"https:\/\/www.facebook.com\/MeliaLisboaOriente\/","article_modified_time":"2024-12-04T09:51:34+00:00","og_image":[{"width":402,"height":500,"url":"https:\/\/www.melialisboaoriente.com\/wp-content\/uploads\/sites\/24\/2024\/07\/MLA_destino_gastronomia.jpg","type":"image\/jpeg"}],"twitter_card":"summary_large_image","twitter_misc":{"Tiempo de lectura":"11 minutos"},"schema":{"@context":"https:\/\/schema.org","@graph":[{"@type":"WebPage","@id":"https:\/\/www.melialisboaoriente.com\/es\/lisboa\/","url":"https:\/\/www.melialisboaoriente.com\/es\/lisboa\/","name":"Lisboa - Melia Lisboa Oriente","isPartOf":{"@id":"https:\/\/www.melialisboaoriente.com\/es\/#website"},"primaryImageOfPage":{"@id":"https:\/\/www.melialisboaoriente.com\/es\/lisboa\/#primaryimage"},"image":{"@id":"https:\/\/www.melialisboaoriente.com\/es\/lisboa\/#primaryimage"},"thumbnailUrl":"https:\/\/www.melialisboaoriente.com\/wp-content\/uploads\/sites\/24\/2024\/07\/MLA_destino_gastronomia.jpg","datePublished":"2023-12-19T12:17:38+00:00","dateModified":"2024-12-04T09:51:34+00:00","description":"O Hotel Melia Lisboa Oriente oferece 207 quartos equipados com TV por sat\u00e9lite e sistema de v\u00eddeo, mini-bar, cofre individual, ar condicionado, telefone directo e secador de cabelo.","breadcrumb":{"@id":"https:\/\/www.melialisboaoriente.com\/es\/lisboa\/#breadcrumb"},"inLanguage":"es","potentialAction":[{"@type":"ReadAction","target":["https:\/\/www.melialisboaoriente.com\/es\/lisboa\/"]}]},{"@type":"ImageObject","inLanguage":"es","@id":"https:\/\/www.melialisboaoriente.com\/es\/lisboa\/#primaryimage","url":"https:\/\/www.melialisboaoriente.com\/wp-content\/uploads\/sites\/24\/2024\/07\/MLA_destino_gastronomia.jpg","contentUrl":"https:\/\/www.melialisboaoriente.com\/wp-content\/uploads\/sites\/24\/2024\/07\/MLA_destino_gastronomia.jpg"},{"@type":"BreadcrumbList","@id":"https:\/\/www.melialisboaoriente.com\/es\/lisboa\/#breadcrumb","itemListElement":[{"@type":"ListItem","position":1,"name":"In\u00edcio","item":"https:\/\/www.melialisboaoriente.com\/es\/"},{"@type":"ListItem","position":2,"name":"Lisboa"}]},{"@type":"WebSite","@id":"https:\/\/www.melialisboaoriente.com\/es\/#website","url":"https:\/\/www.melialisboaoriente.com\/es\/","name":"M\u00e9lia Lisboa Oriente","description":"Hotel de 4 Estrellas en Parque das Na\u00e7\u00f5es - Lisboa","publisher":{"@id":"https:\/\/www.melialisboaoriente.com\/es\/#organization"},"alternateName":"Melia Lisboa Oriente","potentialAction":[{"@type":"SearchAction","target":{"@type":"EntryPoint","urlTemplate":"https:\/\/www.melialisboaoriente.com\/es\/?s={search_term_string}"},"query-input":{"@type":"PropertyValueSpecification","valueRequired":true,"valueName":"search_term_string"}}],"inLanguage":"es"},{"@type":"Organization","@id":"https:\/\/www.melialisboaoriente.com\/es\/#organization","name":"M\u00e9lia Lisboa Oriente","alternateName":"Melia Lisboa Oriente","url":"https:\/\/www.melialisboaoriente.com\/es\/","logo":{"@type":"ImageObject","inLanguage":"es","@id":"https:\/\/www.melialisboaoriente.com\/es\/#\/schema\/logo\/image\/","url":"https:\/\/www.melialisboaoriente.com\/wp-content\/uploads\/sites\/24\/2023\/11\/Melia_Lisboa_Oriente_Logo.png","contentUrl":"https:\/\/www.melialisboaoriente.com\/wp-content\/uploads\/sites\/24\/2023\/11\/Melia_Lisboa_Oriente_Logo.png","width":139,"height":68,"caption":"M\u00e9lia Lisboa Oriente"},"image":{"@id":"https:\/\/www.melialisboaoriente.com\/es\/#\/schema\/logo\/image\/"},"sameAs":["https:\/\/www.facebook.com\/MeliaLisboaOriente\/","https:\/\/www.linkedin.com\/company\/hoti-hoteis\/","https:\/\/www.tripadvisor.co.uk\/UserReviewEdit-g189158-d235624-Melia_Lisboa_Oriente-Lisbon_Lisbon_District_Central_Portugal.html"]}]}},"_links":{"self":[{"href":"https:\/\/www.melialisboaoriente.com\/es\/wp-json\/wp\/v2\/pages\/7031","targetHints":{"allow":["GET"]}}],"collection":[{"href":"https:\/\/www.melialisboaoriente.com\/es\/wp-json\/wp\/v2\/pages"}],"about":[{"href":"https:\/\/www.melialisboaoriente.com\/es\/wp-json\/wp\/v2\/types\/page"}],"author":[{"embeddable":true,"href":"https:\/\/www.melialisboaoriente.com\/es\/wp-json\/wp\/v2\/users\/1"}],"replies":[{"embeddable":true,"href":"https:\/\/www.melialisboaoriente.com\/es\/wp-json\/wp\/v2\/comments?post=7031"}],"version-history":[{"count":10,"href":"https:\/\/www.melialisboaoriente.com\/es\/wp-json\/wp\/v2\/pages\/7031\/revisions"}],"predecessor-version":[{"id":21648,"href":"https:\/\/www.melialisboaoriente.com\/es\/wp-json\/wp\/v2\/pages\/7031\/revisions\/21648"}],"wp:attachment":[{"href":"https:\/\/www.melialisboaoriente.com\/es\/wp-json\/wp\/v2\/media?parent=7031"}],"curies":[{"name":"wp","href":"https:\/\/api.w.org\/{rel}","templated":true}]}}