{"id":509,"date":"2015-05-23T14:15:11","date_gmt":"2015-05-23T14:15:11","guid":{"rendered":"https:\/\/expo98.dev2.shareit.dev\/?page_id=509"},"modified":"2023-05-17T17:46:16","modified_gmt":"2023-05-17T16:46:16","slug":"historia-expo-98","status":"publish","type":"page","link":"https:\/\/www.melialisboaoriente.com\/memorias-expo\/historia-expo-98\/","title":{"rendered":"Hist\u00f3ria Expo 98"},"content":{"rendered":"\n<h2 class=\"wp-block-heading\">RECORDAR A EXPO\u201998 NO&nbsp;HOTEL TRYP ORIENTE<\/h2>\n\n\n\n<div class=\"wp-block-columns is-layout-flex wp-container-core-columns-is-layout-9d6595d7 wp-block-columns-is-layout-flex\">\n<div class=\"wp-block-column is-layout-flow wp-block-column-is-layout-flow\">\n<p>A dois passos da Gare do Oriente, o&nbsp;<a href=\"http:\/\/www.melialisboaoriente.com\/\" target=\"_blank\" rel=\"noreferrer noopener\">hotel Meli\u00e1 Lisboa Oriente<\/a>&nbsp;foi um observador privilegiado do maior evento da hist\u00f3ria recente de Portugal: a Expo\u201998. No dia 1 de fevereiro de 1998, o hotel abria as portas para receber as delega\u00e7\u00f5es internacionais da Exposi\u00e7\u00e3o Mundial, que se iniciaria a 22 de maio, acompanhando todos os momentos dessa aventura.<\/p>\n\n\n\n<p>Ainda antes de terminar, a Expo\u201998 j\u00e1 deixava saudade. E marcou profundamente os portugueses e os visitantes \u2013 foi considerada a melhor Expo de sempre, distin\u00e7\u00e3o atribu\u00edda pelo pr\u00f3prio Bureau International des Expositions.<\/p>\n<\/div>\n\n\n\n<div class=\"wp-block-column is-layout-flow wp-block-column-is-layout-flow\">\n<p>Guardi\u00e3o de mem\u00f3rias \u00fanicas e irrepet\u00edveis, o&nbsp;<a href=\"https:\/\/memoriasexpo-stg.shareit.pt\/dormir-na-expo\/\" target=\"_blank\" rel=\"noreferrer noopener\">hotel Meli\u00e1 Lisboa Oriente<\/a>&nbsp;evoca este grande momento. Para tal, convida todos \u2013 h\u00f3spedes e n\u00e3o s\u00f3 \u2013 a embarcar numa viagem pelos oceanos, o mote da exposi\u00e7\u00e3o. Uma aventura que pode ser virtual, explorando os conte\u00fados deste site, e sensorial, atrav\u00e9s da visita e estadia no hotel, e passeio pelo Parque das Na\u00e7\u00f5es (outrora recinto da Exposi\u00e7\u00e3o).<\/p>\n\n\n\n<p>Percorra os v\u00e1rios menus, descubra (ou redescubra) o que era a zona oriental de Lisboa antes de acolher a Expo\u201998, saiba como estava organizada a exposi\u00e7\u00e3o e conhe\u00e7a as principais marcas arquitet\u00f3nicas que deixou na cidade.<\/p>\n<\/div>\n<\/div>\n\n\n\n<blockquote class=\"wp-block-quote is-layout-flow wp-block-quote-is-layout-flow\">\n<p><em>Esperamos que esta \u201cviagem\u201d n\u00e3o s\u00f3 entusiasme, como desperte o interesse por saber mais sobre este grande momento da hist\u00f3ria de Portugal!<\/em><\/p>\n<\/blockquote>\n\n\n\n<div class=\"wp-block-columns is-layout-flex wp-container-core-columns-is-layout-9d6595d7 wp-block-columns-is-layout-flex\">\n<div class=\"wp-block-column is-layout-flow wp-block-column-is-layout-flow\">\n<h3 class=\"wp-block-heading\">MP3<\/h3>\n\n\n\n<figure class=\"wp-block-audio\"><audio controls src=\"https:\/\/www.melialisboaoriente.com\/memorias-expo\/wp-content\/uploads\/2015\/05\/Pangea-Vers\u00e3o-Oficial.mp3\" autoplay><\/audio><\/figure>\n<\/div>\n\n\n\n<div class=\"wp-block-column is-layout-flow wp-block-column-is-layout-flow\">\n<h3 class=\"wp-block-heading\">Ogg Audio<\/h3>\n\n\n\n<figure class=\"wp-block-audio\"><audio controls src=\"https:\/\/www.melialisboaoriente.com\/memorias-expo\/wp-content\/uploads\/2015\/05\/Pangea-Vers\u00e3o-Oficial.ogg\"><\/audio><\/figure>\n<\/div>\n<\/div>\n\n\n\n<iframe loading=\"lazy\" width=\"100%\" height=\"402\" src=\"https:\/\/www.youtube.com\/embed\/6JYnDwXHww8\" title=\"YouTube video player\" frameborder=\"0\" allow=\"accelerometer; autoplay; clipboard-write; encrypted-media; gyroscope; picture-in-picture; web-share\" allowfullscreen><\/iframe>\n\n\n\n<div style=\"height:30px\" aria-hidden=\"true\" class=\"wp-block-spacer\"><\/div>\n\n\n\n<h2 class=\"wp-block-heading has-text-align-center\">Cronologia<\/h2>\n\n\n\n<div style=\"height:30px\" aria-hidden=\"true\" class=\"wp-block-spacer\"><\/div>\n\n\n\n<div class=\"wp-block-cp-timeline-content-timeline Cool-Content-Timeline\"><div class=\"cool-timeline-block-5d817e6e-f1c9-4361-bccd-6793507a9452\"><style scoped=\"true\">.cool-timeline-block-5d817e6e-f1c9-4361-bccd-6793507a9452 .cool-vertical-timeline-body .timeline-block-vertical-timeline{text-align: left;}.cool-timeline-block-5d817e6e-f1c9-4361-bccd-6793507a9452 .cool-vertical-timeline-body .timeline-block-timeline{text-align: left;}.cool-timeline-block-5d817e6e-f1c9-4361-bccd-6793507a9452 .cool-vertical-timeline-body .story-time p{color: #333;}.cool-timeline-block-5d817e6e-f1c9-4361-bccd-6793507a9452 .cool-horizontal-timeline-body .story-time p{color: #333;}.cool-timeline-block-5d817e6e-f1c9-4361-bccd-6793507a9452 .cool-vertical-timeline-body::before{background: linear-gradient(to bottom, rgba(230, 230, 230, 0) 0%, #96b7a6 10%, #96b7a6 90%, rgba(230, 230, 230, 0) 100%);}.cool-timeline-block-5d817e6e-f1c9-4361-bccd-6793507a9452 .cool-horizontal-timeline-body .timeline-content::before{background: #96b7a6;}.cool-timeline-block-5d817e6e-f1c9-4361-bccd-6793507a9452 .cool-horizontal-timeline-body .timeline-content::after{background: #96b7a6;}.cool-timeline-block-5d817e6e-f1c9-4361-bccd-6793507a9452 .cool-vertical-timeline-body .timeline-content::before{background: #96b7a6 !important;}.cool-timeline-block-5d817e6e-f1c9-4361-bccd-6793507a9452 .cool-vertical-timeline-body.left .story-details::after{background: #96b7a6 !important;}.cool-timeline-block-5d817e6e-f1c9-4361-bccd-6793507a9452 .cool-vertical-timeline-body.right .story-time::after{background: #96b7a6 !important;}.cool-timeline-block-5d817e6e-f1c9-4361-bccd-6793507a9452 .cool-vertical-timeline-body .timeline-content .timeline-block-icon{background: #96b7a6 !important;}.cool-timeline-block-5d817e6e-f1c9-4361-bccd-6793507a9452 .cool-horizontal-timeline-body .timeline-content .timeline-block-icon{background: #96b7a6 !important;}.cool-timeline-block-5d817e6e-f1c9-4361-bccd-6793507a9452 .cool-vertical-timeline-body.both-sided .timeline-content .position-right .story-details::before{border-right-color: #96b7a6 !important;}.cool-timeline-block-5d817e6e-f1c9-4361-bccd-6793507a9452 .cool-vertical-timeline-body.both-sided .timeline-content .position-left  .story-details::before{border-left-color: #96b7a6 !important;}.cool-timeline-block-5d817e6e-f1c9-4361-bccd-6793507a9452 .cool-vertical-timeline-body.one-sided.left .timeline-content  .story-details::before{border-right-color: #96b7a6 !important;}.cool-timeline-block-5d817e6e-f1c9-4361-bccd-6793507a9452 .cool-vertical-timeline-body.one-sided.right .timeline-content  .story-details::before{border-left-color: #96b7a6 !important;}.cool-timeline-block-5d817e6e-f1c9-4361-bccd-6793507a9452 .cool-vertical-timeline-body .timeline-content  .story-details{border-color: #96b7a6 !important;}.cool-timeline-block-5d817e6e-f1c9-4361-bccd-6793507a9452 .cool-horizontal-timeline-body .timeline-content .ctl-row .ctl-6.timeline-block-detail::before{border-bottom-color: #96b7a6 !important;}.cool-timeline-block-5d817e6e-f1c9-4361-bccd-6793507a9452 .cool-horizontal-timeline-body .ctl-6.timeline-block-detail{border-top-color: #96b7a6 !important;}.cool-timeline-block-5d817e6e-f1c9-4361-bccd-6793507a9452 .cool-vertical-timeline-body .timeline-content  .timeline-block-icon{border-color: #96b7a6FF !important;}.cool-timeline-block-5d817e6e-f1c9-4361-bccd-6793507a9452 .cool-horizontal-timeline-body .swiper-button-next{color: #96b7a6;}.cool-timeline-block-5d817e6e-f1c9-4361-bccd-6793507a9452 .cool-horizontal-timeline-body .swiper-button-prev{color: #96b7a6;}.cool-timeline-block-5d817e6e-f1c9-4361-bccd-6793507a9452 .cool-horizontal-timeline-body .swiper-pagination-bullet-active{background: #96b7a6;}.cool-timeline-block-5d817e6e-f1c9-4361-bccd-6793507a9452 .icon-true .timeline-block-icon span.timeline-block-render-icon svg{fill: #ffffff;}<\/style><div class=\"cool-vertical-timeline-body both-sided left\"><div class=\"cool-timeline-block-list\">\n<div class=\"wp-block-cp-timeline-content-timeline-child swiper-slide\"><div class=\"timeline-content icon-false \"><div class=\" timeline-block-timeline ctl-row  position-left\"><div class=\"ctl-6 timeline-block-time\"><div class=\"story-time\"><p>1989<\/p><\/div><\/div><div class=\"timeline-block-icon\"><\/div><div class=\"ctl-6 timeline-block-detail\"><div class=\"story-details\"><div class=\"story-content\"><h3><\/h3><p>A Comiss\u00e3o Executiva da Comiss\u00e3o Nacional para as Comemora\u00e7\u00f5es dos Descobrimentos Portugueses foi mandatada para apresentar ao Governo um memorando sobre a poss\u00edvel realiza\u00e7\u00e3o de uma exposi\u00e7\u00e3o Internacional em Lisboa, em 1998.<br>No final do ano foi formalizada a candidatura de Portugal junto do Bureau International des Expositions (BIE), com sede em Paris, atrav\u00e9s de carta assinada pelo Ministro dos Neg\u00f3cios Estrangeiros<\/p><\/div><\/div><\/div><\/div><\/div><\/div>\n\n\n\n<div class=\"wp-block-cp-timeline-content-timeline-child swiper-slide\"><div class=\"timeline-content icon-false \"><div class=\" timeline-block-timeline ctl-row  position-right\"><div class=\"ctl-6 timeline-block-time\"><div class=\"story-time\"><p>1990<\/p><\/div><\/div><div class=\"timeline-block-icon\"><\/div><div class=\"ctl-6 timeline-block-detail\"><div class=\"story-details\"><div class=\"story-content\"><h3><\/h3><p>Constitui\u00e7\u00e3o do Grupo de Trabalho para a Exposi\u00e7\u00e3o Internacional de Lisboa de 1998, presidido por Ant\u00f3nio Mega Ferreira. Em reuni\u00e3o o Grupo aprova, por unanimidade, o tema \u201cO mar, os oceanos\u201d.<br>No final do prazo para a apresenta\u00e7\u00e3o de candidaturas alternativas, a cidade canadiana de Toronto formalizou a sua proposta.<\/p><\/div><\/div><\/div><\/div><\/div><\/div>\n\n\n\n<div class=\"wp-block-cp-timeline-content-timeline-child swiper-slide\"><div class=\"timeline-content icon-false \"><div class=\" timeline-block-timeline ctl-row  position-left\"><div class=\"ctl-6 timeline-block-time\"><div class=\"story-time\"><p>1991<\/p><\/div><\/div><div class=\"timeline-block-icon\"><\/div><div class=\"ctl-6 timeline-block-detail\"><div class=\"story-details\"><div class=\"story-content\"><h3><\/h3><p>Em confer\u00eancia de imprensa foi anunciada a localiza\u00e7\u00e3o para a exposi\u00e7\u00e3o: na zona oriental de Lisboa, delimitada a jusante pela Doca dos Olivais e a montante pela Esta\u00e7\u00e3o de Tratamentos de Res\u00edduos S\u00f3lidos.<br>Em fevereiro foi criada a Comiss\u00e3o de Promo\u00e7\u00e3o da Exposi\u00e7\u00e3o Internacional de 1998.<br>No final do ano a miss\u00e3o de inqu\u00e9rito do BIE deslocou-se a Lisboa.<\/p><\/div><\/div><\/div><\/div><\/div><\/div>\n\n\n\n<div class=\"wp-block-cp-timeline-content-timeline-child swiper-slide\"><div class=\"timeline-content icon-false \"><div class=\" timeline-block-timeline ctl-row  position-right\"><div class=\"ctl-6 timeline-block-time\"><div class=\"story-time\"><p>1992<\/p><\/div><\/div><div class=\"timeline-block-icon\"><\/div><div class=\"ctl-6 timeline-block-detail\"><div class=\"story-details\"><div class=\"story-content\"><h3><\/h3><p>A Assembleia Geral do BIE deliberou que a capital portuguesa seria o palco da exposi\u00e7\u00e3o (23 votos a favor contra 18 atribu\u00eddos a Toronto).<\/p><\/div><\/div><\/div><\/div><\/div><\/div>\n\n\n\n<div class=\"wp-block-cp-timeline-content-timeline-child swiper-slide\"><div class=\"timeline-content icon-false \"><div class=\" timeline-block-timeline ctl-row  position-left\"><div class=\"ctl-6 timeline-block-time\"><div class=\"story-time\"><p>1993<\/p><\/div><\/div><div class=\"timeline-block-icon\"><\/div><div class=\"ctl-6 timeline-block-detail\"><div class=\"story-details\"><div class=\"story-content\"><h3><\/h3><p>O projeto entrou numa fase r\u00e1pida de planeamento e desenvolvimento, desde a estrat\u00e9gia de promo\u00e7\u00e3o internacional \u00e0s campanhas de sensibiliza\u00e7\u00e3o interna, passando pelas negocia\u00e7\u00f5es para a desocupa\u00e7\u00e3o da \u00e1rea onde iria decorrer a exposi\u00e7\u00e3o.<br>Constitui\u00e7\u00e3o do Comissariado e da empresa Parque EXPO \u201998, S.A., respons\u00e1vel por lan\u00e7ar e executar o empreendimento.<br>Aprova\u00e7\u00e3o do plano geral de urbaniza\u00e7\u00e3o de uma \u00e1rea de 330 ha, no qual ficaria o recinto da exposi\u00e7\u00e3o, ent\u00e3o projetado para 50 ha, e lan\u00e7amento, no \u00e2mbito da UNESCO, da ideia de proclamar 1998 Ano Internacional dos Oceanos.<\/p><\/div><\/div><\/div><\/div><\/div><\/div>\n\n\n\n<div class=\"wp-block-cp-timeline-content-timeline-child swiper-slide\"><div class=\"timeline-content icon-false \"><div class=\" timeline-block-timeline ctl-row  position-right\"><div class=\"ctl-6 timeline-block-time\"><div class=\"story-time\"><p>1994<\/p><\/div><\/div><div class=\"timeline-block-icon\"><\/div><div class=\"ctl-6 timeline-block-detail\"><div class=\"story-details\"><div class=\"story-content\"><h3><\/h3><p>Aprova\u00e7\u00e3o do plano de conte\u00fados do recinto, com os pavilh\u00f5es tem\u00e1ticos e zonas internacionais; negocia\u00e7\u00e3o da constru\u00e7\u00e3o de m\u00f3dulos que seriam colocados gratuitamente \u00e0 disposi\u00e7\u00e3o dos participantes e posterior reaproveitamento pela Feira Internacional de Lisboa; defini\u00e7\u00e3o do ent\u00e3o mais moderno aqu\u00e1rio do mundo, o Ocean\u00e1rio de Lisboa, cuja constru\u00e7\u00e3o come\u00e7ou no final do ano.<br>ONU declarou 1998 como Ano Internacional dos Oceanos.<\/p><\/div><\/div><\/div><\/div><\/div><\/div>\n\n\n\n<div class=\"wp-block-cp-timeline-content-timeline-child swiper-slide\"><div class=\"timeline-content icon-false \"><div class=\" timeline-block-timeline ctl-row  position-left\"><div class=\"ctl-6 timeline-block-time\"><div class=\"story-time\"><p>1995 e 1996<\/p><\/div><\/div><div class=\"timeline-block-icon\"><\/div><div class=\"ctl-6 timeline-block-detail\"><div class=\"story-details\"><div class=\"story-content\"><h3><\/h3><p>Anos de consolida\u00e7\u00e3o e constru\u00e7\u00e3o. Aos poucos, o terreno, j\u00e1 sem as estruturas obsoletas que a\u00ed se encontravam, vai ganhando forma, com as \u00c1reas Internacionais Norte e Sul, o Pavilh\u00e3o de Portugal, o\u00a0Pavilh\u00e3o do Futuro, o Pavilh\u00e3o do Conhecimento dos Mares, a Esta\u00e7\u00e3o do Oriente.<br>Primeiras campanhas de promo\u00e7\u00e3o internacional e defini\u00e7\u00e3o de novo objetivo: a participa\u00e7\u00e3o de 100 pa\u00edses e organiza\u00e7\u00f5es (foram 160), com alargamento do recinto.<br>Ao mesmo tempo que se tra\u00e7aram os grandes sistemas de acesso vi\u00e1rio, prosseguiam os trabalhos da nova linha de metropolitano, rumo \u00e0 Exposi\u00e7\u00e3o.<br>Constru\u00e7\u00e3o, a norte do recinto, da Vila Expo, conjunto de pr\u00e9dios destinados a acolher os funcion\u00e1rios e participantes internacionais.<\/p><\/div><\/div><\/div><\/div><\/div><\/div>\n\n\n\n<div class=\"wp-block-cp-timeline-content-timeline-child swiper-slide\"><div class=\"timeline-content icon-false \"><div class=\" timeline-block-timeline ctl-row  position-right\"><div class=\"ctl-6 timeline-block-time\"><div class=\"story-time\"><p>1997<\/p><\/div><\/div><div class=\"timeline-block-icon\"><\/div><div class=\"ctl-6 timeline-block-detail\"><div class=\"story-details\"><div class=\"story-content\"><h3><\/h3><p>Expectativas ultrapassadas, quanto ao n\u00famero de participantes e de receitas de patroc\u00ednios.<br>In\u00edcio da constru\u00e7\u00e3o do Teatro Cam\u00f5es, Pavilh\u00e3o da Realidade Virtual, \u00a0V\u00eddeo-Est\u00e1dio\/Pra\u00e7a Sony.<br>Montagem dos conte\u00fados, aprova\u00e7\u00e3o do Programa do Festival dos 100 Dias, que antecedia a exposi\u00e7\u00e3o, negocia\u00e7\u00f5es com os concession\u00e1rios dos restaurantes, calcetamento dos pavimentos, encomendas de arte urbana\u2026<\/p><\/div><\/div><\/div><\/div><\/div><\/div>\n\n\n\n<div class=\"wp-block-cp-timeline-content-timeline-child swiper-slide\"><div class=\"timeline-content icon-true \"><div class=\" timeline-block-timeline ctl-row  position-left\"><div class=\"ctl-6 timeline-block-time\"><div class=\"story-time\"><p>1998<\/p><\/div><\/div><div class=\"timeline-block-icon\"><span class=\"timeline-block-render-icon\" style=\"fill:white\"><svg xmlns=\"http:\/\/www.w3.org\/2000\/svg\" viewBox=\"0 0 448 512\"><path d=\"M0 464c0 26.5 21.5 48 48 48h352c26.5 0 48-21.5 48-48V192H0v272zm320-196c0-6.6 5.4-12 12-12h40c6.6 0 12 5.4 12 12v40c0 6.6-5.4 12-12 12h-40c-6.6 0-12-5.4-12-12v-40zm0 128c0-6.6 5.4-12 12-12h40c6.6 0 12 5.4 12 12v40c0 6.6-5.4 12-12 12h-40c-6.6 0-12-5.4-12-12v-40zM192 268c0-6.6 5.4-12 12-12h40c6.6 0 12 5.4 12 12v40c0 6.6-5.4 12-12 12h-40c-6.6 0-12-5.4-12-12v-40zm0 128c0-6.6 5.4-12 12-12h40c6.6 0 12 5.4 12 12v40c0 6.6-5.4 12-12 12h-40c-6.6 0-12-5.4-12-12v-40zM64 268c0-6.6 5.4-12 12-12h40c6.6 0 12 5.4 12 12v40c0 6.6-5.4 12-12 12H76c-6.6 0-12-5.4-12-12v-40zm0 128c0-6.6 5.4-12 12-12h40c6.6 0 12 5.4 12 12v40c0 6.6-5.4 12-12 12H76c-6.6 0-12-5.4-12-12v-40zM400 64h-48V16c0-8.8-7.2-16-16-16h-32c-8.8 0-16 7.2-16 16v48H160V16c0-8.8-7.2-16-16-16h-32c-8.8 0-16 7.2-16 16v48H48C21.5 64 0 85.5 0 112v48h448v-48c0-26.5-21.5-48-48-48z\"><\/path><\/svg><\/span><\/div><div class=\"ctl-6 timeline-block-detail\"><div class=\"story-details\"><div class=\"story-content\"><h3><\/h3><p>\u00c0s 18:18 de 21 de maio, o ent\u00e3o chefe de Estado Jorge Sampaio declarava, \u201ccom muita honra e alegria\u201d, aberta a Exposi\u00e7\u00e3o Internacional de Lisboa de 1998.<\/p><\/div><\/div><\/div><\/div><\/div><\/div>\n<\/div><\/div><\/div><\/div>\n","protected":false},"excerpt":{"rendered":"<p>RECORDAR A EXPO\u201998 NO&nbsp;HOTEL TRYP ORIENTE A dois passos da Gare do Oriente, o&nbsp;hotel Meli\u00e1 Lisboa Oriente&nbsp;foi um observador privilegiado...","protected":false},"author":6,"featured_media":0,"parent":0,"menu_order":0,"comment_status":"closed","ping_status":"closed","template":"","meta":{"_eb_attr":"","footnotes":""},"class_list":["post-509","page","type-page","status-publish","hentry"],"yoast_head":"<!-- This site is optimized with the Yoast SEO plugin v27.5 - https:\/\/yoast.com\/product\/yoast-seo-wordpress\/ -->\n<title>Hist\u00f3ria Expo 98 - Memoria Expo 98<\/title>\n<meta name=\"robots\" content=\"index, follow, max-snippet:-1, max-image-preview:large, max-video-preview:-1\" \/>\n<link rel=\"canonical\" href=\"https:\/\/www.melialisboaoriente.com\/memorias-expo\/historia-expo-98\/\" \/>\n<meta property=\"og:locale\" content=\"pt_PT\" \/>\n<meta property=\"og:type\" content=\"article\" \/>\n<meta property=\"og:title\" content=\"Hist\u00f3ria Expo 98 - Memoria Expo 98\" \/>\n<meta property=\"og:description\" content=\"RECORDAR A EXPO\u201998 NO&nbsp;HOTEL TRYP ORIENTE A dois passos da Gare do Oriente, o&nbsp;hotel Meli\u00e1 Lisboa Oriente&nbsp;foi um observador privilegiado do maior evento da hist\u00f3ria recente de Portugal: a Expo\u201998. No dia 1 de fevereiro de 1998, o hotel abria as portas para receber as delega\u00e7\u00f5es internacionais da Exposi\u00e7\u00e3o Mundial, que se iniciaria a 22 [&hellip;]\" \/>\n<meta property=\"og:url\" content=\"https:\/\/www.melialisboaoriente.com\/memorias-expo\/historia-expo-98\/\" \/>\n<meta property=\"og:site_name\" content=\"Memoria Expo 98\" \/>\n<meta property=\"article:publisher\" content=\"https:\/\/www.facebook.com\/TrypLisboaOriente\" \/>\n<meta property=\"article:modified_time\" content=\"2023-05-17T16:46:16+00:00\" \/>\n<meta property=\"og:image\" content=\"https:\/\/www.melialisboaoriente.com\/memorias-expo\/wp-content\/uploads\/2015\/05\/Mascote_Vitor-Oliveira-Portuguese_eyes-web.jpg\" \/>\n\t<meta property=\"og:image:width\" content=\"1843\" \/>\n\t<meta property=\"og:image:height\" content=\"1235\" \/>\n\t<meta property=\"og:image:type\" content=\"image\/jpeg\" \/>\n<meta name=\"twitter:card\" content=\"summary_large_image\" \/>\n<meta name=\"twitter:label1\" content=\"Tempo estimado de leitura\" \/>\n\t<meta name=\"twitter:data1\" content=\"5 minutos\" \/>\n<script type=\"application\/ld+json\" class=\"yoast-schema-graph\">{\"@context\":\"https:\\\/\\\/schema.org\",\"@graph\":[{\"@type\":\"WebPage\",\"@id\":\"https:\\\/\\\/www.melialisboaoriente.com\\\/memorias-expo\\\/historia-expo-98\\\/\",\"url\":\"https:\\\/\\\/www.melialisboaoriente.com\\\/memorias-expo\\\/historia-expo-98\\\/\",\"name\":\"Hist\u00f3ria Expo 98 - Memoria Expo 98\",\"isPartOf\":{\"@id\":\"https:\\\/\\\/www.melialisboaoriente.com\\\/memorias-expo\\\/#website\"},\"datePublished\":\"2015-05-23T14:15:11+00:00\",\"dateModified\":\"2023-05-17T16:46:16+00:00\",\"breadcrumb\":{\"@id\":\"https:\\\/\\\/www.melialisboaoriente.com\\\/memorias-expo\\\/historia-expo-98\\\/#breadcrumb\"},\"inLanguage\":\"pt-PT\",\"potentialAction\":[{\"@type\":\"ReadAction\",\"target\":[\"https:\\\/\\\/www.melialisboaoriente.com\\\/memorias-expo\\\/historia-expo-98\\\/\"]}]},{\"@type\":\"BreadcrumbList\",\"@id\":\"https:\\\/\\\/www.melialisboaoriente.com\\\/memorias-expo\\\/historia-expo-98\\\/#breadcrumb\",\"itemListElement\":[{\"@type\":\"ListItem\",\"position\":1,\"name\":\"Home\",\"item\":\"https:\\\/\\\/www.melialisboaoriente.com\\\/memorias-expo\\\/\"},{\"@type\":\"ListItem\",\"position\":2,\"name\":\"Hist\u00f3ria Expo 98\"}]},{\"@type\":\"WebSite\",\"@id\":\"https:\\\/\\\/www.melialisboaoriente.com\\\/memorias-expo\\\/#website\",\"url\":\"https:\\\/\\\/www.melialisboaoriente.com\\\/memorias-expo\\\/\",\"name\":\"Memoria Expo 98\",\"description\":\"by Tryp Lisboa Oriente\",\"publisher\":{\"@id\":\"https:\\\/\\\/www.melialisboaoriente.com\\\/memorias-expo\\\/#organization\"},\"potentialAction\":[{\"@type\":\"SearchAction\",\"target\":{\"@type\":\"EntryPoint\",\"urlTemplate\":\"https:\\\/\\\/www.melialisboaoriente.com\\\/memorias-expo\\\/?s={search_term_string}\"},\"query-input\":{\"@type\":\"PropertyValueSpecification\",\"valueRequired\":true,\"valueName\":\"search_term_string\"}}],\"inLanguage\":\"pt-PT\"},{\"@type\":\"Organization\",\"@id\":\"https:\\\/\\\/www.melialisboaoriente.com\\\/memorias-expo\\\/#organization\",\"name\":\"Memoria Expo 98\",\"url\":\"https:\\\/\\\/www.melialisboaoriente.com\\\/memorias-expo\\\/\",\"logo\":{\"@type\":\"ImageObject\",\"inLanguage\":\"pt-PT\",\"@id\":\"https:\\\/\\\/www.melialisboaoriente.com\\\/memorias-expo\\\/#\\\/schema\\\/logo\\\/image\\\/\",\"url\":\"https:\\\/\\\/www.melialisboaoriente.com\\\/memorias-expo\\\/wp-content\\\/uploads\\\/2023\\\/05\\\/logo_site_desktop_melia_lisboa_oriente.png\",\"contentUrl\":\"https:\\\/\\\/www.melialisboaoriente.com\\\/memorias-expo\\\/wp-content\\\/uploads\\\/2023\\\/05\\\/logo_site_desktop_melia_lisboa_oriente.png\",\"width\":193,\"height\":70,\"caption\":\"Memoria Expo 98\"},\"image\":{\"@id\":\"https:\\\/\\\/www.melialisboaoriente.com\\\/memorias-expo\\\/#\\\/schema\\\/logo\\\/image\\\/\"},\"sameAs\":[\"https:\\\/\\\/www.facebook.com\\\/TrypLisboaOriente\"]}]}<\/script>\n<!-- \/ Yoast SEO plugin. -->","yoast_head_json":{"title":"Hist\u00f3ria Expo 98 - Memoria Expo 98","robots":{"index":"index","follow":"follow","max-snippet":"max-snippet:-1","max-image-preview":"max-image-preview:large","max-video-preview":"max-video-preview:-1"},"canonical":"https:\/\/www.melialisboaoriente.com\/memorias-expo\/historia-expo-98\/","og_locale":"pt_PT","og_type":"article","og_title":"Hist\u00f3ria Expo 98 - Memoria Expo 98","og_description":"RECORDAR A EXPO\u201998 NO&nbsp;HOTEL TRYP ORIENTE A dois passos da Gare do Oriente, o&nbsp;hotel Meli\u00e1 Lisboa Oriente&nbsp;foi um observador privilegiado do maior evento da hist\u00f3ria recente de Portugal: a Expo\u201998. No dia 1 de fevereiro de 1998, o hotel abria as portas para receber as delega\u00e7\u00f5es internacionais da Exposi\u00e7\u00e3o Mundial, que se iniciaria a 22 [&hellip;]","og_url":"https:\/\/www.melialisboaoriente.com\/memorias-expo\/historia-expo-98\/","og_site_name":"Memoria Expo 98","article_publisher":"https:\/\/www.facebook.com\/TrypLisboaOriente","article_modified_time":"2023-05-17T16:46:16+00:00","og_image":[{"width":1843,"height":1235,"url":"https:\/\/www.melialisboaoriente.com\/memorias-expo\/wp-content\/uploads\/2015\/05\/Mascote_Vitor-Oliveira-Portuguese_eyes-web.jpg","type":"image\/jpeg"}],"twitter_card":"summary_large_image","twitter_misc":{"Tempo estimado de leitura":"5 minutos"},"schema":{"@context":"https:\/\/schema.org","@graph":[{"@type":"WebPage","@id":"https:\/\/www.melialisboaoriente.com\/memorias-expo\/historia-expo-98\/","url":"https:\/\/www.melialisboaoriente.com\/memorias-expo\/historia-expo-98\/","name":"Hist\u00f3ria Expo 98 - Memoria Expo 98","isPartOf":{"@id":"https:\/\/www.melialisboaoriente.com\/memorias-expo\/#website"},"datePublished":"2015-05-23T14:15:11+00:00","dateModified":"2023-05-17T16:46:16+00:00","breadcrumb":{"@id":"https:\/\/www.melialisboaoriente.com\/memorias-expo\/historia-expo-98\/#breadcrumb"},"inLanguage":"pt-PT","potentialAction":[{"@type":"ReadAction","target":["https:\/\/www.melialisboaoriente.com\/memorias-expo\/historia-expo-98\/"]}]},{"@type":"BreadcrumbList","@id":"https:\/\/www.melialisboaoriente.com\/memorias-expo\/historia-expo-98\/#breadcrumb","itemListElement":[{"@type":"ListItem","position":1,"name":"Home","item":"https:\/\/www.melialisboaoriente.com\/memorias-expo\/"},{"@type":"ListItem","position":2,"name":"Hist\u00f3ria Expo 98"}]},{"@type":"WebSite","@id":"https:\/\/www.melialisboaoriente.com\/memorias-expo\/#website","url":"https:\/\/www.melialisboaoriente.com\/memorias-expo\/","name":"Memoria Expo 98","description":"by Tryp Lisboa Oriente","publisher":{"@id":"https:\/\/www.melialisboaoriente.com\/memorias-expo\/#organization"},"potentialAction":[{"@type":"SearchAction","target":{"@type":"EntryPoint","urlTemplate":"https:\/\/www.melialisboaoriente.com\/memorias-expo\/?s={search_term_string}"},"query-input":{"@type":"PropertyValueSpecification","valueRequired":true,"valueName":"search_term_string"}}],"inLanguage":"pt-PT"},{"@type":"Organization","@id":"https:\/\/www.melialisboaoriente.com\/memorias-expo\/#organization","name":"Memoria Expo 98","url":"https:\/\/www.melialisboaoriente.com\/memorias-expo\/","logo":{"@type":"ImageObject","inLanguage":"pt-PT","@id":"https:\/\/www.melialisboaoriente.com\/memorias-expo\/#\/schema\/logo\/image\/","url":"https:\/\/www.melialisboaoriente.com\/memorias-expo\/wp-content\/uploads\/2023\/05\/logo_site_desktop_melia_lisboa_oriente.png","contentUrl":"https:\/\/www.melialisboaoriente.com\/memorias-expo\/wp-content\/uploads\/2023\/05\/logo_site_desktop_melia_lisboa_oriente.png","width":193,"height":70,"caption":"Memoria Expo 98"},"image":{"@id":"https:\/\/www.melialisboaoriente.com\/memorias-expo\/#\/schema\/logo\/image\/"},"sameAs":["https:\/\/www.facebook.com\/TrypLisboaOriente"]}]}},"_links":{"self":[{"href":"https:\/\/www.melialisboaoriente.com\/memorias-expo\/wp-json\/wp\/v2\/pages\/509","targetHints":{"allow":["GET"]}}],"collection":[{"href":"https:\/\/www.melialisboaoriente.com\/memorias-expo\/wp-json\/wp\/v2\/pages"}],"about":[{"href":"https:\/\/www.melialisboaoriente.com\/memorias-expo\/wp-json\/wp\/v2\/types\/page"}],"author":[{"embeddable":true,"href":"https:\/\/www.melialisboaoriente.com\/memorias-expo\/wp-json\/wp\/v2\/users\/6"}],"replies":[{"embeddable":true,"href":"https:\/\/www.melialisboaoriente.com\/memorias-expo\/wp-json\/wp\/v2\/comments?post=509"}],"version-history":[{"count":10,"href":"https:\/\/www.melialisboaoriente.com\/memorias-expo\/wp-json\/wp\/v2\/pages\/509\/revisions"}],"predecessor-version":[{"id":1826,"href":"https:\/\/www.melialisboaoriente.com\/memorias-expo\/wp-json\/wp\/v2\/pages\/509\/revisions\/1826"}],"wp:attachment":[{"href":"https:\/\/www.melialisboaoriente.com\/memorias-expo\/wp-json\/wp\/v2\/media?parent=509"}],"curies":[{"name":"wp","href":"https:\/\/api.w.org\/{rel}","templated":true}]}}