{"id":957,"date":"2015-06-02T21:30:09","date_gmt":"2015-06-02T20:30:09","guid":{"rendered":"https:\/\/expo98.dev2.shareit.dev\/?page_id=957"},"modified":"2024-12-27T17:14:08","modified_gmt":"2024-12-27T17:14:08","slug":"hotel","status":"publish","type":"page","link":"https:\/\/www.melialisboaoriente.com\/memorias-expo\/hotel\/","title":{"rendered":"Hotel"},"content":{"rendered":"\n<h3 class=\"wp-block-heading\">Meli\u00e1 Lisboa Oriente<\/h3>\n\n\n\n<p>No centro da modernidade. E da mem\u00f3ria.<\/p>\n\n\n\n<p>O <strong>hotel Meli\u00e1 Lisboa Oriente<\/strong> foi o primeiro espa\u00e7o comercial a abrir portas nas imedia\u00e7\u00f5es do\u00a0palco da Expo\u201998 e a \u00fanica unidade hoteleira a funcionar durante o evento. Era, ent\u00e3o,\u00a0designado por Meli\u00e1 Confort Oriente e \u201cviveu\u201d de perto n\u00e3o s\u00f3 a Exposi\u00e7\u00e3o como os\u00a0preparativos deste grande evento, uma vez que abriu ao p\u00fablico a 1 de fevereiro de\u00a01998.<\/p>\n\n\n\n<p>Passados mais de 15 anos sobre a Exposi\u00e7\u00e3o, que continua muito presente na mem\u00f3ria&nbsp;dos portugueses e est\u00e1 bem vis\u00edvel na zona urbana que nasceu no antigo recinto do&nbsp;evento, o hotel evoca este per\u00edodo da hist\u00f3ria recente do Pa\u00eds.<\/p>\n\n\n\n<p>Como? \u00c0 entrada, um conjunto de aqu\u00e1rios oce\u00e2nicos d\u00e1 as boas-vindas ao h\u00f3spede, ao&nbsp;mesmo tempo que recorda o tema da Expo 98: os oceanos, um patrim\u00f3nio para o futuro.&nbsp;Na rece\u00e7\u00e3o os grandes marcos arquitet\u00f3nicos do evento, desenhados numa tela gigante,&nbsp;acompanham o visitante. No bar, as formas org\u00e2nicas e curvil\u00edneas d\u00e3o corpo e alma aos&nbsp;balc\u00f5es e ao teto. \u00c9 tamb\u00e9m a\u00ed que se encontra a reprodu\u00e7\u00e3o da cal\u00e7ada Mar Largo,&nbsp;criada pelo artista Fernando Couto, situada no Rossio dos Olivais. Por fim, \u00e9 no&nbsp;restaurante que se contempla a marca mais ic\u00f3nica da Expo 98: um painel que n\u00e3o s\u00f3&nbsp;traduz a universalidade do evento, como recorda o passaporte da exposi\u00e7\u00e3o, documento&nbsp;atribu\u00eddo a cada visitante para colecionar os carimbos dos v\u00e1rios pa\u00edses representados.<\/p>\n\n\n\n<p>Se as \u00e1reas comuns refletem a ess\u00eancia do evento, todos os quartos aliam conforto e&nbsp;eleg\u00e2ncia, inspirados em ambientes marinhos. Ao azul \u00e1gua nos quartos virados para o&nbsp;Tejo, e ao vermelho coral nos quartos rodados para o cora\u00e7\u00e3o da cidade, juntam-se&nbsp;grandes telas com estrelas do mar, corais raiados,&#8230; Harmonia com cheiro a maresia,&nbsp;que convidam ao repouso.<\/p>\n\n\n\n<div class=\"wp-block-envirra-image-grid vw-image-grid vw-image-grid-layout-tile-1 vw-image-grid-hover-none\" style=\"--vw-image-grid-height:350px\" itemscope itemtype=\"http:\/\/schema.org\/ImageGallery\"><div class=\"vw-image-grid-item\"><figure itemprop=\"associatedMedia\" itemscope itemtype=\"http:\/\/schema.org\/ImageObject\"><div><img loading=\"lazy\" decoding=\"async\" width=\"768\" height=\"535\" src=\"https:\/\/www.melialisboaoriente.com\/memorias-expo\/wp-content\/uploads\/2015\/06\/Bar1-768x535.jpg\" alt=\"\" data-id=\"959\" data-full-url=\"https:\/\/www.melialisboaoriente.com\/memorias-expo\/wp-content\/uploads\/2015\/06\/Bar1-scaled.jpg\" data-link=\"https:\/\/www.melialisboaoriente.com\/memorias-expo\/hotel\/bar1\/\" class=\"wp-image-959\" itemprop=\"thumbnail\" srcset=\"https:\/\/www.melialisboaoriente.com\/memorias-expo\/wp-content\/uploads\/2015\/06\/Bar1-768x535.jpg 768w, https:\/\/www.melialisboaoriente.com\/memorias-expo\/wp-content\/uploads\/2015\/06\/Bar1-300x209.jpg 300w, https:\/\/www.melialisboaoriente.com\/memorias-expo\/wp-content\/uploads\/2015\/06\/Bar1-1024x713.jpg 1024w, https:\/\/www.melialisboaoriente.com\/memorias-expo\/wp-content\/uploads\/2015\/06\/Bar1-1536x1069.jpg 1536w, https:\/\/www.melialisboaoriente.com\/memorias-expo\/wp-content\/uploads\/2015\/06\/Bar1-2048x1426.jpg 2048w\" sizes=\"auto, (max-width: 768px) 100vw, 768px\" \/><\/div><\/figure><\/div><div class=\"vw-image-grid-item\"><figure itemprop=\"associatedMedia\" itemscope itemtype=\"http:\/\/schema.org\/ImageObject\"><div><img loading=\"lazy\" decoding=\"async\" width=\"768\" height=\"535\" src=\"https:\/\/www.melialisboaoriente.com\/memorias-expo\/wp-content\/uploads\/2015\/06\/Bar2-768x535.jpg\" alt=\"\" data-id=\"960\" data-full-url=\"https:\/\/www.melialisboaoriente.com\/memorias-expo\/wp-content\/uploads\/2015\/06\/Bar2-scaled.jpg\" data-link=\"https:\/\/www.melialisboaoriente.com\/memorias-expo\/hotel\/bar2\/\" class=\"wp-image-960\" itemprop=\"thumbnail\" srcset=\"https:\/\/www.melialisboaoriente.com\/memorias-expo\/wp-content\/uploads\/2015\/06\/Bar2-768x535.jpg 768w, https:\/\/www.melialisboaoriente.com\/memorias-expo\/wp-content\/uploads\/2015\/06\/Bar2-300x209.jpg 300w, https:\/\/www.melialisboaoriente.com\/memorias-expo\/wp-content\/uploads\/2015\/06\/Bar2-1024x713.jpg 1024w, https:\/\/www.melialisboaoriente.com\/memorias-expo\/wp-content\/uploads\/2015\/06\/Bar2-1536x1069.jpg 1536w, https:\/\/www.melialisboaoriente.com\/memorias-expo\/wp-content\/uploads\/2015\/06\/Bar2-2048x1426.jpg 2048w\" sizes=\"auto, (max-width: 768px) 100vw, 768px\" \/><\/div><\/figure><\/div><div class=\"vw-image-grid-item\"><figure itemprop=\"associatedMedia\" itemscope itemtype=\"http:\/\/schema.org\/ImageObject\"><div><img loading=\"lazy\" decoding=\"async\" width=\"768\" height=\"535\" src=\"https:\/\/www.melialisboaoriente.com\/memorias-expo\/wp-content\/uploads\/2015\/06\/dreamstime_xl_11989774-768x535.jpg\" alt=\"\" data-id=\"961\" data-full-url=\"https:\/\/www.melialisboaoriente.com\/memorias-expo\/wp-content\/uploads\/2015\/06\/dreamstime_xl_11989774-scaled.jpg\" data-link=\"https:\/\/www.melialisboaoriente.com\/memorias-expo\/hotel\/dreamstime_xl_11989774\/\" class=\"wp-image-961\" itemprop=\"thumbnail\" srcset=\"https:\/\/www.melialisboaoriente.com\/memorias-expo\/wp-content\/uploads\/2015\/06\/dreamstime_xl_11989774-768x535.jpg 768w, https:\/\/www.melialisboaoriente.com\/memorias-expo\/wp-content\/uploads\/2015\/06\/dreamstime_xl_11989774-300x209.jpg 300w, https:\/\/www.melialisboaoriente.com\/memorias-expo\/wp-content\/uploads\/2015\/06\/dreamstime_xl_11989774-1024x713.jpg 1024w, https:\/\/www.melialisboaoriente.com\/memorias-expo\/wp-content\/uploads\/2015\/06\/dreamstime_xl_11989774-1536x1069.jpg 1536w, https:\/\/www.melialisboaoriente.com\/memorias-expo\/wp-content\/uploads\/2015\/06\/dreamstime_xl_11989774-2048x1426.jpg 2048w\" sizes=\"auto, (max-width: 768px) 100vw, 768px\" \/><\/div><\/figure><\/div><div class=\"vw-image-grid-item\"><figure itemprop=\"associatedMedia\" itemscope itemtype=\"http:\/\/schema.org\/ImageObject\"><div><img loading=\"lazy\" decoding=\"async\" width=\"768\" height=\"535\" src=\"https:\/\/www.melialisboaoriente.com\/memorias-expo\/wp-content\/uploads\/2015\/06\/01aTRYPLisboaOriente-General-768x535.jpg\" alt=\"\" data-id=\"958\" data-full-url=\"https:\/\/www.melialisboaoriente.com\/memorias-expo\/wp-content\/uploads\/2015\/06\/01aTRYPLisboaOriente-General-scaled.jpg\" data-link=\"https:\/\/www.melialisboaoriente.com\/memorias-expo\/hotel\/01atryplisboaoriente-general\/\" class=\"wp-image-958\" itemprop=\"thumbnail\" srcset=\"https:\/\/www.melialisboaoriente.com\/memorias-expo\/wp-content\/uploads\/2015\/06\/01aTRYPLisboaOriente-General-768x535.jpg 768w, https:\/\/www.melialisboaoriente.com\/memorias-expo\/wp-content\/uploads\/2015\/06\/01aTRYPLisboaOriente-General-300x209.jpg 300w, https:\/\/www.melialisboaoriente.com\/memorias-expo\/wp-content\/uploads\/2015\/06\/01aTRYPLisboaOriente-General-1024x713.jpg 1024w, https:\/\/www.melialisboaoriente.com\/memorias-expo\/wp-content\/uploads\/2015\/06\/01aTRYPLisboaOriente-General-1536x1069.jpg 1536w, https:\/\/www.melialisboaoriente.com\/memorias-expo\/wp-content\/uploads\/2015\/06\/01aTRYPLisboaOriente-General-2048x1426.jpg 2048w\" sizes=\"auto, (max-width: 768px) 100vw, 768px\" \/><\/div><\/figure><\/div><div class=\"vw-image-grid-item\"><figure itemprop=\"associatedMedia\" itemscope itemtype=\"http:\/\/schema.org\/ImageObject\"><div><img loading=\"lazy\" decoding=\"async\" width=\"768\" height=\"535\" src=\"https:\/\/www.melialisboaoriente.com\/memorias-expo\/wp-content\/uploads\/2015\/06\/restaurante-768x535.jpg\" alt=\"\" data-id=\"967\" data-full-url=\"https:\/\/www.melialisboaoriente.com\/memorias-expo\/wp-content\/uploads\/2015\/06\/restaurante-scaled.jpg\" data-link=\"https:\/\/www.melialisboaoriente.com\/memorias-expo\/hotel\/restaurante\/\" class=\"wp-image-967\" itemprop=\"thumbnail\" srcset=\"https:\/\/www.melialisboaoriente.com\/memorias-expo\/wp-content\/uploads\/2015\/06\/restaurante-768x535.jpg 768w, https:\/\/www.melialisboaoriente.com\/memorias-expo\/wp-content\/uploads\/2015\/06\/restaurante-300x209.jpg 300w, https:\/\/www.melialisboaoriente.com\/memorias-expo\/wp-content\/uploads\/2015\/06\/restaurante-1024x713.jpg 1024w, https:\/\/www.melialisboaoriente.com\/memorias-expo\/wp-content\/uploads\/2015\/06\/restaurante-1536x1069.jpg 1536w, https:\/\/www.melialisboaoriente.com\/memorias-expo\/wp-content\/uploads\/2015\/06\/restaurante-2048x1426.jpg 2048w\" sizes=\"auto, (max-width: 768px) 100vw, 768px\" \/><\/div><\/figure><\/div><div class=\"vw-image-grid-item\"><figure itemprop=\"associatedMedia\" itemscope itemtype=\"http:\/\/schema.org\/ImageObject\"><div><img loading=\"lazy\" decoding=\"async\" width=\"768\" height=\"535\" src=\"https:\/\/www.melialisboaoriente.com\/memorias-expo\/wp-content\/uploads\/2015\/06\/dreamstime_xl_31689305-768x535.jpg\" alt=\"\" data-id=\"962\" data-full-url=\"https:\/\/www.melialisboaoriente.com\/memorias-expo\/wp-content\/uploads\/2015\/06\/dreamstime_xl_31689305-scaled.jpg\" data-link=\"https:\/\/www.melialisboaoriente.com\/memorias-expo\/hotel\/dreamstime_xl_31689305\/\" class=\"wp-image-962\" itemprop=\"thumbnail\" srcset=\"https:\/\/www.melialisboaoriente.com\/memorias-expo\/wp-content\/uploads\/2015\/06\/dreamstime_xl_31689305-768x535.jpg 768w, https:\/\/www.melialisboaoriente.com\/memorias-expo\/wp-content\/uploads\/2015\/06\/dreamstime_xl_31689305-300x209.jpg 300w, https:\/\/www.melialisboaoriente.com\/memorias-expo\/wp-content\/uploads\/2015\/06\/dreamstime_xl_31689305-1024x713.jpg 1024w, https:\/\/www.melialisboaoriente.com\/memorias-expo\/wp-content\/uploads\/2015\/06\/dreamstime_xl_31689305-1536x1069.jpg 1536w, https:\/\/www.melialisboaoriente.com\/memorias-expo\/wp-content\/uploads\/2015\/06\/dreamstime_xl_31689305-2048x1426.jpg 2048w\" sizes=\"auto, (max-width: 768px) 100vw, 768px\" \/><\/div><\/figure><\/div><div class=\"vw-image-grid-item\"><figure itemprop=\"associatedMedia\" itemscope itemtype=\"http:\/\/schema.org\/ImageObject\"><div><img loading=\"lazy\" decoding=\"async\" width=\"768\" height=\"535\" src=\"https:\/\/www.melialisboaoriente.com\/memorias-expo\/wp-content\/uploads\/2015\/06\/lobby-768x535.jpg\" alt=\"\" data-id=\"964\" data-full-url=\"https:\/\/www.melialisboaoriente.com\/memorias-expo\/wp-content\/uploads\/2015\/06\/lobby-scaled.jpg\" data-link=\"https:\/\/www.melialisboaoriente.com\/memorias-expo\/hotel\/lobby\/\" class=\"wp-image-964\" itemprop=\"thumbnail\" srcset=\"https:\/\/www.melialisboaoriente.com\/memorias-expo\/wp-content\/uploads\/2015\/06\/lobby-768x535.jpg 768w, https:\/\/www.melialisboaoriente.com\/memorias-expo\/wp-content\/uploads\/2015\/06\/lobby-300x209.jpg 300w, https:\/\/www.melialisboaoriente.com\/memorias-expo\/wp-content\/uploads\/2015\/06\/lobby-1024x713.jpg 1024w, https:\/\/www.melialisboaoriente.com\/memorias-expo\/wp-content\/uploads\/2015\/06\/lobby-1536x1069.jpg 1536w, https:\/\/www.melialisboaoriente.com\/memorias-expo\/wp-content\/uploads\/2015\/06\/lobby-2048x1426.jpg 2048w\" sizes=\"auto, (max-width: 768px) 100vw, 768px\" \/><\/div><\/figure><\/div><div class=\"vw-image-grid-item\"><figure itemprop=\"associatedMedia\" itemscope itemtype=\"http:\/\/schema.org\/ImageObject\"><div><img loading=\"lazy\" decoding=\"async\" width=\"768\" height=\"535\" src=\"https:\/\/www.melialisboaoriente.com\/memorias-expo\/wp-content\/uploads\/2015\/06\/dreamstime_xl_52616394-768x535.jpg\" alt=\"\" data-id=\"963\" data-full-url=\"https:\/\/www.melialisboaoriente.com\/memorias-expo\/wp-content\/uploads\/2015\/06\/dreamstime_xl_52616394-scaled.jpg\" data-link=\"https:\/\/www.melialisboaoriente.com\/memorias-expo\/hotel\/dreamstime_xl_52616394\/\" class=\"wp-image-963\" itemprop=\"thumbnail\" srcset=\"https:\/\/www.melialisboaoriente.com\/memorias-expo\/wp-content\/uploads\/2015\/06\/dreamstime_xl_52616394-768x535.jpg 768w, https:\/\/www.melialisboaoriente.com\/memorias-expo\/wp-content\/uploads\/2015\/06\/dreamstime_xl_52616394-300x209.jpg 300w, https:\/\/www.melialisboaoriente.com\/memorias-expo\/wp-content\/uploads\/2015\/06\/dreamstime_xl_52616394-1024x713.jpg 1024w, https:\/\/www.melialisboaoriente.com\/memorias-expo\/wp-content\/uploads\/2015\/06\/dreamstime_xl_52616394-1536x1069.jpg 1536w, https:\/\/www.melialisboaoriente.com\/memorias-expo\/wp-content\/uploads\/2015\/06\/dreamstime_xl_52616394-2048x1426.jpg 2048w\" sizes=\"auto, (max-width: 768px) 100vw, 768px\" \/><\/div><\/figure><\/div><\/div>\n","protected":false},"excerpt":{"rendered":"<p>Meli\u00e1 Lisboa Oriente No centro da modernidade. E da mem\u00f3ria. O hotel Meli\u00e1 Lisboa Oriente foi o primeiro espa\u00e7o comercial a abrir portas nas imedia\u00e7\u00f5es...","protected":false},"author":6,"featured_media":965,"parent":0,"menu_order":0,"comment_status":"closed","ping_status":"closed","template":"","meta":{"_eb_attr":"","footnotes":""},"class_list":["post-957","page","type-page","status-publish","has-post-thumbnail","hentry"],"yoast_head":"<!-- This site is optimized with the Yoast SEO plugin v27.5 - https:\/\/yoast.com\/product\/yoast-seo-wordpress\/ -->\n<title>Hotel - Memoria Expo 98<\/title>\n<meta name=\"robots\" content=\"index, follow, max-snippet:-1, max-image-preview:large, max-video-preview:-1\" \/>\n<link rel=\"canonical\" href=\"https:\/\/www.melialisboaoriente.com\/memorias-expo\/hotel\/\" \/>\n<meta property=\"og:locale\" content=\"pt_PT\" \/>\n<meta property=\"og:type\" content=\"article\" \/>\n<meta property=\"og:title\" content=\"Hotel - Memoria Expo 98\" \/>\n<meta property=\"og:description\" content=\"Meli\u00e1 Lisboa Oriente No centro da modernidade. E da mem\u00f3ria. O hotel Meli\u00e1 Lisboa Oriente foi o primeiro espa\u00e7o comercial a abrir portas nas imedia\u00e7\u00f5es do\u00a0palco da Expo\u201998 e a \u00fanica unidade hoteleira a funcionar durante o evento. Era, ent\u00e3o,\u00a0designado por Meli\u00e1 Confort Oriente e \u201cviveu\u201d de perto n\u00e3o s\u00f3 a Exposi\u00e7\u00e3o como os\u00a0preparativos deste [&hellip;]\" \/>\n<meta property=\"og:url\" content=\"https:\/\/www.melialisboaoriente.com\/memorias-expo\/hotel\/\" \/>\n<meta property=\"og:site_name\" content=\"Memoria Expo 98\" \/>\n<meta property=\"article:publisher\" content=\"https:\/\/www.facebook.com\/TrypLisboaOriente\" \/>\n<meta property=\"article:modified_time\" content=\"2024-12-27T17:14:08+00:00\" \/>\n<meta property=\"og:image\" content=\"https:\/\/www.melialisboaoriente.com\/memorias-expo\/wp-content\/uploads\/2015\/06\/quarto-scaled.jpg\" \/>\n\t<meta property=\"og:image:width\" content=\"2560\" \/>\n\t<meta property=\"og:image:height\" content=\"1782\" \/>\n\t<meta property=\"og:image:type\" content=\"image\/jpeg\" \/>\n<meta name=\"twitter:card\" content=\"summary_large_image\" \/>\n<meta name=\"twitter:label1\" content=\"Tempo estimado de leitura\" \/>\n\t<meta name=\"twitter:data1\" content=\"4 minutos\" \/>\n<script type=\"application\/ld+json\" class=\"yoast-schema-graph\">{\"@context\":\"https:\\\/\\\/schema.org\",\"@graph\":[{\"@type\":\"WebPage\",\"@id\":\"https:\\\/\\\/www.melialisboaoriente.com\\\/memorias-expo\\\/hotel\\\/\",\"url\":\"https:\\\/\\\/www.melialisboaoriente.com\\\/memorias-expo\\\/hotel\\\/\",\"name\":\"Hotel - Memoria Expo 98\",\"isPartOf\":{\"@id\":\"https:\\\/\\\/www.melialisboaoriente.com\\\/memorias-expo\\\/#website\"},\"primaryImageOfPage\":{\"@id\":\"https:\\\/\\\/www.melialisboaoriente.com\\\/memorias-expo\\\/hotel\\\/#primaryimage\"},\"image\":{\"@id\":\"https:\\\/\\\/www.melialisboaoriente.com\\\/memorias-expo\\\/hotel\\\/#primaryimage\"},\"thumbnailUrl\":\"https:\\\/\\\/www.melialisboaoriente.com\\\/memorias-expo\\\/wp-content\\\/uploads\\\/2015\\\/06\\\/quarto-scaled.jpg\",\"datePublished\":\"2015-06-02T20:30:09+00:00\",\"dateModified\":\"2024-12-27T17:14:08+00:00\",\"breadcrumb\":{\"@id\":\"https:\\\/\\\/www.melialisboaoriente.com\\\/memorias-expo\\\/hotel\\\/#breadcrumb\"},\"inLanguage\":\"pt-PT\",\"potentialAction\":[{\"@type\":\"ReadAction\",\"target\":[\"https:\\\/\\\/www.melialisboaoriente.com\\\/memorias-expo\\\/hotel\\\/\"]}]},{\"@type\":\"ImageObject\",\"inLanguage\":\"pt-PT\",\"@id\":\"https:\\\/\\\/www.melialisboaoriente.com\\\/memorias-expo\\\/hotel\\\/#primaryimage\",\"url\":\"https:\\\/\\\/www.melialisboaoriente.com\\\/memorias-expo\\\/wp-content\\\/uploads\\\/2015\\\/06\\\/quarto-scaled.jpg\",\"contentUrl\":\"https:\\\/\\\/www.melialisboaoriente.com\\\/memorias-expo\\\/wp-content\\\/uploads\\\/2015\\\/06\\\/quarto-scaled.jpg\",\"width\":2560,\"height\":1782},{\"@type\":\"BreadcrumbList\",\"@id\":\"https:\\\/\\\/www.melialisboaoriente.com\\\/memorias-expo\\\/hotel\\\/#breadcrumb\",\"itemListElement\":[{\"@type\":\"ListItem\",\"position\":1,\"name\":\"Home\",\"item\":\"https:\\\/\\\/www.melialisboaoriente.com\\\/memorias-expo\\\/\"},{\"@type\":\"ListItem\",\"position\":2,\"name\":\"Hotel\"}]},{\"@type\":\"WebSite\",\"@id\":\"https:\\\/\\\/www.melialisboaoriente.com\\\/memorias-expo\\\/#website\",\"url\":\"https:\\\/\\\/www.melialisboaoriente.com\\\/memorias-expo\\\/\",\"name\":\"Memoria Expo 98\",\"description\":\"by Tryp Lisboa Oriente\",\"publisher\":{\"@id\":\"https:\\\/\\\/www.melialisboaoriente.com\\\/memorias-expo\\\/#organization\"},\"potentialAction\":[{\"@type\":\"SearchAction\",\"target\":{\"@type\":\"EntryPoint\",\"urlTemplate\":\"https:\\\/\\\/www.melialisboaoriente.com\\\/memorias-expo\\\/?s={search_term_string}\"},\"query-input\":{\"@type\":\"PropertyValueSpecification\",\"valueRequired\":true,\"valueName\":\"search_term_string\"}}],\"inLanguage\":\"pt-PT\"},{\"@type\":\"Organization\",\"@id\":\"https:\\\/\\\/www.melialisboaoriente.com\\\/memorias-expo\\\/#organization\",\"name\":\"Memoria Expo 98\",\"url\":\"https:\\\/\\\/www.melialisboaoriente.com\\\/memorias-expo\\\/\",\"logo\":{\"@type\":\"ImageObject\",\"inLanguage\":\"pt-PT\",\"@id\":\"https:\\\/\\\/www.melialisboaoriente.com\\\/memorias-expo\\\/#\\\/schema\\\/logo\\\/image\\\/\",\"url\":\"https:\\\/\\\/www.melialisboaoriente.com\\\/memorias-expo\\\/wp-content\\\/uploads\\\/2023\\\/05\\\/logo_site_desktop_melia_lisboa_oriente.png\",\"contentUrl\":\"https:\\\/\\\/www.melialisboaoriente.com\\\/memorias-expo\\\/wp-content\\\/uploads\\\/2023\\\/05\\\/logo_site_desktop_melia_lisboa_oriente.png\",\"width\":193,\"height\":70,\"caption\":\"Memoria Expo 98\"},\"image\":{\"@id\":\"https:\\\/\\\/www.melialisboaoriente.com\\\/memorias-expo\\\/#\\\/schema\\\/logo\\\/image\\\/\"},\"sameAs\":[\"https:\\\/\\\/www.facebook.com\\\/TrypLisboaOriente\"]}]}<\/script>\n<!-- \/ Yoast SEO plugin. -->","yoast_head_json":{"title":"Hotel - Memoria Expo 98","robots":{"index":"index","follow":"follow","max-snippet":"max-snippet:-1","max-image-preview":"max-image-preview:large","max-video-preview":"max-video-preview:-1"},"canonical":"https:\/\/www.melialisboaoriente.com\/memorias-expo\/hotel\/","og_locale":"pt_PT","og_type":"article","og_title":"Hotel - Memoria Expo 98","og_description":"Meli\u00e1 Lisboa Oriente No centro da modernidade. E da mem\u00f3ria. O hotel Meli\u00e1 Lisboa Oriente foi o primeiro espa\u00e7o comercial a abrir portas nas imedia\u00e7\u00f5es do\u00a0palco da Expo\u201998 e a \u00fanica unidade hoteleira a funcionar durante o evento. Era, ent\u00e3o,\u00a0designado por Meli\u00e1 Confort Oriente e \u201cviveu\u201d de perto n\u00e3o s\u00f3 a Exposi\u00e7\u00e3o como os\u00a0preparativos deste [&hellip;]","og_url":"https:\/\/www.melialisboaoriente.com\/memorias-expo\/hotel\/","og_site_name":"Memoria Expo 98","article_publisher":"https:\/\/www.facebook.com\/TrypLisboaOriente","article_modified_time":"2024-12-27T17:14:08+00:00","og_image":[{"width":2560,"height":1782,"url":"https:\/\/www.melialisboaoriente.com\/memorias-expo\/wp-content\/uploads\/2015\/06\/quarto-scaled.jpg","type":"image\/jpeg"}],"twitter_card":"summary_large_image","twitter_misc":{"Tempo estimado de leitura":"4 minutos"},"schema":{"@context":"https:\/\/schema.org","@graph":[{"@type":"WebPage","@id":"https:\/\/www.melialisboaoriente.com\/memorias-expo\/hotel\/","url":"https:\/\/www.melialisboaoriente.com\/memorias-expo\/hotel\/","name":"Hotel - Memoria Expo 98","isPartOf":{"@id":"https:\/\/www.melialisboaoriente.com\/memorias-expo\/#website"},"primaryImageOfPage":{"@id":"https:\/\/www.melialisboaoriente.com\/memorias-expo\/hotel\/#primaryimage"},"image":{"@id":"https:\/\/www.melialisboaoriente.com\/memorias-expo\/hotel\/#primaryimage"},"thumbnailUrl":"https:\/\/www.melialisboaoriente.com\/memorias-expo\/wp-content\/uploads\/2015\/06\/quarto-scaled.jpg","datePublished":"2015-06-02T20:30:09+00:00","dateModified":"2024-12-27T17:14:08+00:00","breadcrumb":{"@id":"https:\/\/www.melialisboaoriente.com\/memorias-expo\/hotel\/#breadcrumb"},"inLanguage":"pt-PT","potentialAction":[{"@type":"ReadAction","target":["https:\/\/www.melialisboaoriente.com\/memorias-expo\/hotel\/"]}]},{"@type":"ImageObject","inLanguage":"pt-PT","@id":"https:\/\/www.melialisboaoriente.com\/memorias-expo\/hotel\/#primaryimage","url":"https:\/\/www.melialisboaoriente.com\/memorias-expo\/wp-content\/uploads\/2015\/06\/quarto-scaled.jpg","contentUrl":"https:\/\/www.melialisboaoriente.com\/memorias-expo\/wp-content\/uploads\/2015\/06\/quarto-scaled.jpg","width":2560,"height":1782},{"@type":"BreadcrumbList","@id":"https:\/\/www.melialisboaoriente.com\/memorias-expo\/hotel\/#breadcrumb","itemListElement":[{"@type":"ListItem","position":1,"name":"Home","item":"https:\/\/www.melialisboaoriente.com\/memorias-expo\/"},{"@type":"ListItem","position":2,"name":"Hotel"}]},{"@type":"WebSite","@id":"https:\/\/www.melialisboaoriente.com\/memorias-expo\/#website","url":"https:\/\/www.melialisboaoriente.com\/memorias-expo\/","name":"Memoria Expo 98","description":"by Tryp Lisboa Oriente","publisher":{"@id":"https:\/\/www.melialisboaoriente.com\/memorias-expo\/#organization"},"potentialAction":[{"@type":"SearchAction","target":{"@type":"EntryPoint","urlTemplate":"https:\/\/www.melialisboaoriente.com\/memorias-expo\/?s={search_term_string}"},"query-input":{"@type":"PropertyValueSpecification","valueRequired":true,"valueName":"search_term_string"}}],"inLanguage":"pt-PT"},{"@type":"Organization","@id":"https:\/\/www.melialisboaoriente.com\/memorias-expo\/#organization","name":"Memoria Expo 98","url":"https:\/\/www.melialisboaoriente.com\/memorias-expo\/","logo":{"@type":"ImageObject","inLanguage":"pt-PT","@id":"https:\/\/www.melialisboaoriente.com\/memorias-expo\/#\/schema\/logo\/image\/","url":"https:\/\/www.melialisboaoriente.com\/memorias-expo\/wp-content\/uploads\/2023\/05\/logo_site_desktop_melia_lisboa_oriente.png","contentUrl":"https:\/\/www.melialisboaoriente.com\/memorias-expo\/wp-content\/uploads\/2023\/05\/logo_site_desktop_melia_lisboa_oriente.png","width":193,"height":70,"caption":"Memoria Expo 98"},"image":{"@id":"https:\/\/www.melialisboaoriente.com\/memorias-expo\/#\/schema\/logo\/image\/"},"sameAs":["https:\/\/www.facebook.com\/TrypLisboaOriente"]}]}},"_links":{"self":[{"href":"https:\/\/www.melialisboaoriente.com\/memorias-expo\/wp-json\/wp\/v2\/pages\/957","targetHints":{"allow":["GET"]}}],"collection":[{"href":"https:\/\/www.melialisboaoriente.com\/memorias-expo\/wp-json\/wp\/v2\/pages"}],"about":[{"href":"https:\/\/www.melialisboaoriente.com\/memorias-expo\/wp-json\/wp\/v2\/types\/page"}],"author":[{"embeddable":true,"href":"https:\/\/www.melialisboaoriente.com\/memorias-expo\/wp-json\/wp\/v2\/users\/6"}],"replies":[{"embeddable":true,"href":"https:\/\/www.melialisboaoriente.com\/memorias-expo\/wp-json\/wp\/v2\/comments?post=957"}],"version-history":[{"count":4,"href":"https:\/\/www.melialisboaoriente.com\/memorias-expo\/wp-json\/wp\/v2\/pages\/957\/revisions"}],"predecessor-version":[{"id":2013,"href":"https:\/\/www.melialisboaoriente.com\/memorias-expo\/wp-json\/wp\/v2\/pages\/957\/revisions\/2013"}],"wp:featuredmedia":[{"embeddable":true,"href":"https:\/\/www.melialisboaoriente.com\/memorias-expo\/wp-json\/wp\/v2\/media\/965"}],"wp:attachment":[{"href":"https:\/\/www.melialisboaoriente.com\/memorias-expo\/wp-json\/wp\/v2\/media?parent=957"}],"curies":[{"name":"wp","href":"https:\/\/api.w.org\/{rel}","templated":true}]}}